{"id":202169,"date":"2023-11-27T10:56:38","date_gmt":"2023-11-27T09:56:38","guid":{"rendered":"https:\/\/www.toulouse-tourisme.com\/da-vedere-da-fare\/musees-et-lieux-exposition\/"},"modified":"2026-03-17T15:47:27","modified_gmt":"2026-03-17T14:47:27","slug":"musei-e-luoghi-espositivi","status":"publish","type":"page","link":"https:\/\/www.toulouse-tourisme.com\/it\/da-vedere-da-fare\/musei-e-luoghi-espositivi\/","title":{"rendered":"Musei e luoghi espositivi"},"content":{"rendered":"\n<div class=\"wp-block-group has-global-padding is-layout-constrained wp-block-group-is-layout-constrained\">\n<div class=\"wp-block-columns is-layout-flex wp-container-core-columns-is-layout-28f84493 wp-block-columns-is-layout-flex\">\n<div class=\"wp-block-column is-vertically-aligned-top is-layout-flow wp-block-column-is-layout-flow\">\n<h2 class=\"wp-block-heading\">I musei d&#8217;arte e di storia<\/h2>\n\n\n\n<p>Fate un salto indietro nel tempo al <a href=\"https:\/\/www.toulouse-tourisme.com\/it\/activite\/musee-saint-raymond-musee-darcheologie-de-toulouse\/\">museo Saint-Raymond<\/a>,<strong> il museo archeologico di Tolosa.<\/strong> Accanto alla basilica di Saint-Sernin, questo affascinante museo con il suo piccolo giardino ha sede in un antico collegio universitario del XVI secolo. E se \u00e8 rivolto al passato storico della citt\u00e0 rosa, \u00e8 decisamente moderno e originale nella scenografia delle sue mostre. <strong>Riapertura del museo il 3 aprile 2026.<\/strong><\/p>\n\n\n\n<p>Gli amanti della \u201cgrande pittura\u201d e della scultura possono recarsi al <a href=\"https:\/\/www.toulouse-tourisme.com\/it\/activite\/musee-des-augustins\/\">museo degli Augustins<\/a>, <strong>museo delle belle arti<\/strong> della citt\u00e0 di Tolosa. Situato in un antico monastero del XIV secolo, le collezioni sono esposte in magnifiche sale e in un chiostro medievale. Qui potrete ammirare i grandi nomi della storia dell&#8217;arte dal Medioevo all&#8217;inizio del XX secolo. Da non perdere: la sala dei capitelli romanici, che costituisce una delle pi\u00f9 belle collezioni in Francia. <strong>Dopo diversi anni di lavori, il Museo degli Agostiniani ha appena riaperto i battenti<\/strong>.<\/p>\n<\/div>\n\n\n\n<div class=\"wp-block-column is-vertically-aligned-center is-layout-flow wp-block-column-is-layout-flow\">\n<figure data-wp-context=\"{&quot;imageId&quot;:&quot;69f394879b585&quot;}\" data-wp-interactive=\"core\/image\" data-wp-key=\"69f394879b585\" class=\"wp-block-image size-full wp-lightbox-container\"><img decoding=\"async\" width=\"867\" height=\"1300\" data-wp-class--hide=\"state.isContentHidden\" data-wp-class--show=\"state.isContentVisible\" data-wp-init=\"callbacks.setButtonStyles\" data-wp-on--click=\"actions.showLightbox\" data-wp-on--load=\"callbacks.setButtonStyles\" data-wp-on-window--resize=\"callbacks.setButtonStyles\" src=\"https:\/\/www.toulouse-tourisme.com\/assets\/uploads\/sites\/3\/2023\/11\/visiter-toulouse-musee-saint-raymond.jpg\" alt=\"Visiter Toulouse, le mus\u00e9e Saint-Raymond\" class=\"wp-image-6279\" style=\"aspect-ratio:2\/3;object-fit:cover\" srcset=\"https:\/\/www.toulouse-tourisme.com\/assets\/uploads\/sites\/3\/2023\/11\/visiter-toulouse-musee-saint-raymond.jpg 867w, https:\/\/www.toulouse-tourisme.com\/assets\/uploads\/sites\/3\/2023\/11\/visiter-toulouse-musee-saint-raymond-600x900.jpg 600w, https:\/\/www.toulouse-tourisme.com\/assets\/uploads\/sites\/3\/2023\/11\/visiter-toulouse-musee-saint-raymond-400x600.jpg 400w, https:\/\/www.toulouse-tourisme.com\/assets\/uploads\/sites\/3\/2023\/11\/visiter-toulouse-musee-saint-raymond-768x1152.jpg 768w\" sizes=\"(max-width: 867px) 100vw, 867px\" \/><button\n\t\t\tclass=\"lightbox-trigger\"\n\t\t\ttype=\"button\"\n\t\t\taria-haspopup=\"dialog\"\n\t\t\taria-label=\"Ingrandisci\"\n\t\t\tdata-wp-init=\"callbacks.initTriggerButton\"\n\t\t\tdata-wp-on--click=\"actions.showLightbox\"\n\t\t\tdata-wp-style--right=\"state.imageButtonRight\"\n\t\t\tdata-wp-style--top=\"state.imageButtonTop\"\n\t\t>\n\t\t\t<svg xmlns=\"http:\/\/www.w3.org\/2000\/svg\" width=\"12\" height=\"12\" fill=\"none\" viewBox=\"0 0 12 12\">\n\t\t\t\t<path fill=\"#fff\" d=\"M2 0a2 2 0 0 0-2 2v2h1.5V2a.5.5 0 0 1 .5-.5h2V0H2Zm2 10.5H2a.5.5 0 0 1-.5-.5V8H0v2a2 2 0 0 0 2 2h2v-1.5ZM8 12v-1.5h2a.5.5 0 0 0 .5-.5V8H12v2a2 2 0 0 1-2 2H8Zm2-12a2 2 0 0 1 2 2v2h-1.5V2a.5.5 0 0 0-.5-.5H8V0h2Z\" \/>\n\t\t\t<\/svg>\n\t\t<\/button><figcaption class=\"wp-element-caption\">Il museo Saint-Raymond \u00a9 R\u00e9mi Deligeon<\/figcaption><\/figure>\n<\/div>\n\n\n\n<div class=\"wp-block-column is-vertically-aligned-center is-layout-flow wp-block-column-is-layout-flow\">\n<figure data-wp-context=\"{&quot;imageId&quot;:&quot;69f394879c07d&quot;}\" data-wp-interactive=\"core\/image\" data-wp-key=\"69f394879c07d\" class=\"wp-block-image size-full wp-lightbox-container\"><img decoding=\"async\" width=\"796\" height=\"1200\" data-wp-class--hide=\"state.isContentHidden\" data-wp-class--show=\"state.isContentVisible\" data-wp-init=\"callbacks.setButtonStyles\" data-wp-on--click=\"actions.showLightbox\" data-wp-on--load=\"callbacks.setButtonStyles\" data-wp-on-window--resize=\"callbacks.setButtonStyles\" src=\"https:\/\/www.toulouse-tourisme.com\/assets\/uploads\/sites\/3\/2026\/02\/salle-chapiteaux-musee-des-augustins.jpg\" alt=\"Salle des chapiteaux Mus\u00e9e des Augustins\" class=\"wp-image-202162\" style=\"aspect-ratio:2\/3;object-fit:cover\" srcset=\"https:\/\/www.toulouse-tourisme.com\/assets\/uploads\/sites\/3\/2026\/02\/salle-chapiteaux-musee-des-augustins.jpg 796w, https:\/\/www.toulouse-tourisme.com\/assets\/uploads\/sites\/3\/2026\/02\/salle-chapiteaux-musee-des-augustins-600x905.jpg 600w, https:\/\/www.toulouse-tourisme.com\/assets\/uploads\/sites\/3\/2026\/02\/salle-chapiteaux-musee-des-augustins-400x603.jpg 400w, https:\/\/www.toulouse-tourisme.com\/assets\/uploads\/sites\/3\/2026\/02\/salle-chapiteaux-musee-des-augustins-768x1158.jpg 768w\" sizes=\"(max-width: 796px) 100vw, 796px\" \/><button\n\t\t\tclass=\"lightbox-trigger\"\n\t\t\ttype=\"button\"\n\t\t\taria-haspopup=\"dialog\"\n\t\t\taria-label=\"Ingrandisci\"\n\t\t\tdata-wp-init=\"callbacks.initTriggerButton\"\n\t\t\tdata-wp-on--click=\"actions.showLightbox\"\n\t\t\tdata-wp-style--right=\"state.imageButtonRight\"\n\t\t\tdata-wp-style--top=\"state.imageButtonTop\"\n\t\t>\n\t\t\t<svg xmlns=\"http:\/\/www.w3.org\/2000\/svg\" width=\"12\" height=\"12\" fill=\"none\" viewBox=\"0 0 12 12\">\n\t\t\t\t<path fill=\"#fff\" d=\"M2 0a2 2 0 0 0-2 2v2h1.5V2a.5.5 0 0 1 .5-.5h2V0H2Zm2 10.5H2a.5.5 0 0 1-.5-.5V8H0v2a2 2 0 0 0 2 2h2v-1.5ZM8 12v-1.5h2a.5.5 0 0 0 .5-.5V8H12v2a2 2 0 0 1-2 2H8Zm2-12a2 2 0 0 1 2 2v2h-1.5V2a.5.5 0 0 0-.5-.5H8V0h2Z\" \/>\n\t\t\t<\/svg>\n\t\t<\/button><figcaption class=\"wp-element-caption\">Il museo des Augustins \u00a9 R\u00e9mi Deligeon<\/figcaption><\/figure>\n<\/div>\n<\/div>\n<\/div>\n\n\n\n<div class=\"wp-block-group alignfull has-background-color has-secondary-background-color has-text-color has-background has-link-color wp-elements-dead51fbebb560faa74aa9496e750474 has-global-padding is-layout-constrained wp-block-group-is-layout-constrained\">\n<div class=\"wp-block-columns is-layout-flex wp-container-core-columns-is-layout-7203d91a wp-block-columns-is-layout-flex\" style=\"padding-top:0;padding-right:var(--wp--preset--spacing--medium);padding-bottom:0;padding-left:var(--wp--preset--spacing--medium)\">\n<div class=\"wp-block-column is-vertically-aligned-center is-layout-flow wp-block-column-is-layout-flow\">\n<p class=\"is-style-h3-surtitle\">Riapertura<\/p>\n\n\n\n<h2 class=\"wp-block-heading\">5 motivi per affrettarsi a (ri)visitare il museo degli Augustins<\/h2>\n\n\n\n<div class=\"wp-block-buttons is-layout-flex wp-block-buttons-is-layout-flex\">\n<div class=\"wp-block-button is-style-white\"><a class=\"wp-block-button__link wp-element-button\" href=\"https:\/\/www.toulouse-tourisme.com\/it\/da-vedere-da-fare\/i-siti\/5-motivi-per-affrettarsi-a-rivisitare-il-museo-degli-augustins\/\">Scoprire i motivi<\/a><\/div>\n<\/div>\n<\/div>\n\n\n\n<div class=\"wp-block-column is-vertically-aligned-center is-layout-flow wp-block-column-is-layout-flow\" style=\"padding-top:var(--wp--preset--spacing--x-large);padding-right:var(--wp--preset--spacing--large);padding-bottom:var(--wp--preset--spacing--x-large);padding-left:var(--wp--preset--spacing--large)\">\n<figure data-wp-context=\"{&quot;imageId&quot;:&quot;69f394879d477&quot;}\" data-wp-interactive=\"core\/image\" data-wp-key=\"69f394879d477\" class=\"wp-block-image alignright size-full is-resized wp-lightbox-container\"><img decoding=\"async\" width=\"1920\" height=\"1280\" data-wp-class--hide=\"state.isContentHidden\" data-wp-class--show=\"state.isContentVisible\" data-wp-init=\"callbacks.setButtonStyles\" data-wp-on--click=\"actions.showLightbox\" data-wp-on--load=\"callbacks.setButtonStyles\" data-wp-on-window--resize=\"callbacks.setButtonStyles\" src=\"https:\/\/www.toulouse-tourisme.com\/assets\/uploads\/sites\/3\/2025\/12\/musee-des-augustins-toulouse.jpg\" alt=\"Mus\u00e9e des Augustins \u00e0 Toulouse\" class=\"wp-image-192348\" style=\"width:505px\" srcset=\"https:\/\/www.toulouse-tourisme.com\/assets\/uploads\/sites\/3\/2025\/12\/musee-des-augustins-toulouse.jpg 1920w, https:\/\/www.toulouse-tourisme.com\/assets\/uploads\/sites\/3\/2025\/12\/musee-des-augustins-toulouse-600x400.jpg 600w, https:\/\/www.toulouse-tourisme.com\/assets\/uploads\/sites\/3\/2025\/12\/musee-des-augustins-toulouse-1200x800.jpg 1200w, https:\/\/www.toulouse-tourisme.com\/assets\/uploads\/sites\/3\/2025\/12\/musee-des-augustins-toulouse-400x267.jpg 400w, https:\/\/www.toulouse-tourisme.com\/assets\/uploads\/sites\/3\/2025\/12\/musee-des-augustins-toulouse-768x512.jpg 768w, https:\/\/www.toulouse-tourisme.com\/assets\/uploads\/sites\/3\/2025\/12\/musee-des-augustins-toulouse-1536x1024.jpg 1536w\" sizes=\"(max-width: 1920px) 100vw, 1920px\" \/><button\n\t\t\tclass=\"lightbox-trigger\"\n\t\t\ttype=\"button\"\n\t\t\taria-haspopup=\"dialog\"\n\t\t\taria-label=\"Ingrandisci\"\n\t\t\tdata-wp-init=\"callbacks.initTriggerButton\"\n\t\t\tdata-wp-on--click=\"actions.showLightbox\"\n\t\t\tdata-wp-style--right=\"state.imageButtonRight\"\n\t\t\tdata-wp-style--top=\"state.imageButtonTop\"\n\t\t>\n\t\t\t<svg xmlns=\"http:\/\/www.w3.org\/2000\/svg\" width=\"12\" height=\"12\" fill=\"none\" viewBox=\"0 0 12 12\">\n\t\t\t\t<path fill=\"#fff\" d=\"M2 0a2 2 0 0 0-2 2v2h1.5V2a.5.5 0 0 1 .5-.5h2V0H2Zm2 10.5H2a.5.5 0 0 1-.5-.5V8H0v2a2 2 0 0 0 2 2h2v-1.5ZM8 12v-1.5h2a.5.5 0 0 0 .5-.5V8H12v2a2 2 0 0 1-2 2H8Zm2-12a2 2 0 0 1 2 2v2h-1.5V2a.5.5 0 0 0-.5-.5H8V0h2Z\" \/>\n\t\t\t<\/svg>\n\t\t<\/button><figcaption class=\"wp-element-caption\">Il museo degli Augustins \u00a9 R\u00e9mi Deligeon<\/figcaption><\/figure>\n<\/div>\n<\/div>\n<\/div>\n\n\n\n<div class=\"wp-block-group has-global-padding is-layout-constrained wp-block-group-is-layout-constrained\">\n<div class=\"wp-block-columns is-layout-flex wp-container-core-columns-is-layout-28f84493 wp-block-columns-is-layout-flex\">\n<div class=\"wp-block-column is-vertically-aligned-center is-layout-flow wp-block-column-is-layout-flow\">\n<p>La <a href=\"https:\/\/www.toulouse-tourisme.com\/it\/activite\/collection-bemberg\/\">Collection Bemberg<\/a> espone <strong>dipinti e arti decorative dal XVI al XIX secolo<\/strong> nel pi\u00f9 bel palazzo privato di Tolosa, l&#8217;H\u00f4tel d&#8217;Ass\u00e9zat, capolavoro del Rinascimento. Il collezionista argentino Georges Bemberg ha riunito qui i grandi nomi della storia dell&#8217;arte moderna con una sala dedicata al pittore Bonnard.<\/p>\n<\/div>\n\n\n\n<div class=\"wp-block-column is-layout-flow wp-block-column-is-layout-flow\">\n<figure data-wp-context=\"{&quot;imageId&quot;:&quot;69f394879e196&quot;}\" data-wp-interactive=\"core\/image\" data-wp-key=\"69f394879e196\" class=\"wp-block-image size-full wp-lightbox-container\"><img decoding=\"async\" width=\"800\" height=\"533\" data-wp-class--hide=\"state.isContentHidden\" data-wp-class--show=\"state.isContentVisible\" data-wp-init=\"callbacks.setButtonStyles\" data-wp-on--click=\"actions.showLightbox\" data-wp-on--load=\"callbacks.setButtonStyles\" data-wp-on-window--resize=\"callbacks.setButtonStyles\" src=\"https:\/\/www.toulouse-tourisme.com\/assets\/uploads\/sites\/3\/2024\/03\/toulouse-fondation-bemberg.jpg\" alt=\"La Fondation Bemberg \u00e0 Toulouse\" class=\"wp-image-17266\" srcset=\"https:\/\/www.toulouse-tourisme.com\/assets\/uploads\/sites\/3\/2024\/03\/toulouse-fondation-bemberg.jpg 800w, https:\/\/www.toulouse-tourisme.com\/assets\/uploads\/sites\/3\/2024\/03\/toulouse-fondation-bemberg-600x400.jpg 600w, https:\/\/www.toulouse-tourisme.com\/assets\/uploads\/sites\/3\/2024\/03\/toulouse-fondation-bemberg-400x267.jpg 400w, https:\/\/www.toulouse-tourisme.com\/assets\/uploads\/sites\/3\/2024\/03\/toulouse-fondation-bemberg-768x512.jpg 768w\" sizes=\"(max-width: 800px) 100vw, 800px\" \/><button\n\t\t\tclass=\"lightbox-trigger\"\n\t\t\ttype=\"button\"\n\t\t\taria-haspopup=\"dialog\"\n\t\t\taria-label=\"Ingrandisci\"\n\t\t\tdata-wp-init=\"callbacks.initTriggerButton\"\n\t\t\tdata-wp-on--click=\"actions.showLightbox\"\n\t\t\tdata-wp-style--right=\"state.imageButtonRight\"\n\t\t\tdata-wp-style--top=\"state.imageButtonTop\"\n\t\t>\n\t\t\t<svg xmlns=\"http:\/\/www.w3.org\/2000\/svg\" width=\"12\" height=\"12\" fill=\"none\" viewBox=\"0 0 12 12\">\n\t\t\t\t<path fill=\"#fff\" d=\"M2 0a2 2 0 0 0-2 2v2h1.5V2a.5.5 0 0 1 .5-.5h2V0H2Zm2 10.5H2a.5.5 0 0 1-.5-.5V8H0v2a2 2 0 0 0 2 2h2v-1.5ZM8 12v-1.5h2a.5.5 0 0 0 .5-.5V8H12v2a2 2 0 0 1-2 2H8Zm2-12a2 2 0 0 1 2 2v2h-1.5V2a.5.5 0 0 0-.5-.5H8V0h2Z\" \/>\n\t\t\t<\/svg>\n\t\t<\/button><figcaption class=\"wp-element-caption\">La Collection Bemberg \u00a9 R\u00e9mi Deligeon<\/figcaption><\/figure>\n<\/div>\n\n\n\n<div class=\"wp-block-column is-vertically-aligned-center is-layout-flow wp-block-column-is-layout-flow\">\n<figure data-wp-context=\"{&quot;imageId&quot;:&quot;69f394879eb91&quot;}\" data-wp-interactive=\"core\/image\" data-wp-key=\"69f394879eb91\" class=\"wp-block-image size-large wp-lightbox-container\"><img decoding=\"async\" width=\"1200\" height=\"800\" data-wp-class--hide=\"state.isContentHidden\" data-wp-class--show=\"state.isContentVisible\" data-wp-init=\"callbacks.setButtonStyles\" data-wp-on--click=\"actions.showLightbox\" data-wp-on--load=\"callbacks.setButtonStyles\" data-wp-on-window--resize=\"callbacks.setButtonStyles\" src=\"https:\/\/www.toulouse-tourisme.com\/assets\/uploads\/sites\/3\/2024\/03\/fondation-bemberg-toulouse-1200x800.jpg\" alt=\"La Fondation Bemberg \u00e0 Toulouse\" class=\"wp-image-17260\" srcset=\"https:\/\/www.toulouse-tourisme.com\/assets\/uploads\/sites\/3\/2024\/03\/fondation-bemberg-toulouse-1200x800.jpg 1200w, https:\/\/www.toulouse-tourisme.com\/assets\/uploads\/sites\/3\/2024\/03\/fondation-bemberg-toulouse-600x400.jpg 600w, https:\/\/www.toulouse-tourisme.com\/assets\/uploads\/sites\/3\/2024\/03\/fondation-bemberg-toulouse-400x267.jpg 400w, https:\/\/www.toulouse-tourisme.com\/assets\/uploads\/sites\/3\/2024\/03\/fondation-bemberg-toulouse-768x512.jpg 768w, https:\/\/www.toulouse-tourisme.com\/assets\/uploads\/sites\/3\/2024\/03\/fondation-bemberg-toulouse-1536x1024.jpg 1536w, https:\/\/www.toulouse-tourisme.com\/assets\/uploads\/sites\/3\/2024\/03\/fondation-bemberg-toulouse.jpg 1920w\" sizes=\"(max-width: 1200px) 100vw, 1200px\" \/><button\n\t\t\tclass=\"lightbox-trigger\"\n\t\t\ttype=\"button\"\n\t\t\taria-haspopup=\"dialog\"\n\t\t\taria-label=\"Ingrandisci\"\n\t\t\tdata-wp-init=\"callbacks.initTriggerButton\"\n\t\t\tdata-wp-on--click=\"actions.showLightbox\"\n\t\t\tdata-wp-style--right=\"state.imageButtonRight\"\n\t\t\tdata-wp-style--top=\"state.imageButtonTop\"\n\t\t>\n\t\t\t<svg xmlns=\"http:\/\/www.w3.org\/2000\/svg\" width=\"12\" height=\"12\" fill=\"none\" viewBox=\"0 0 12 12\">\n\t\t\t\t<path fill=\"#fff\" d=\"M2 0a2 2 0 0 0-2 2v2h1.5V2a.5.5 0 0 1 .5-.5h2V0H2Zm2 10.5H2a.5.5 0 0 1-.5-.5V8H0v2a2 2 0 0 0 2 2h2v-1.5ZM8 12v-1.5h2a.5.5 0 0 0 .5-.5V8H12v2a2 2 0 0 1-2 2H8Zm2-12a2 2 0 0 1 2 2v2h-1.5V2a.5.5 0 0 0-.5-.5H8V0h2Z\" \/>\n\t\t\t<\/svg>\n\t\t<\/button><figcaption class=\"wp-element-caption\">La Collection Bemberg \u00a9 R\u00e9mi Deligeon<\/figcaption><\/figure>\n<\/div>\n<\/div>\n<\/div>\n\n\n\n<div class=\"wp-block-group has-global-padding is-layout-constrained wp-block-group-is-layout-constrained\">\n<div class=\"wp-block-columns is-layout-flex wp-container-core-columns-is-layout-28f84493 wp-block-columns-is-layout-flex\">\n<div class=\"wp-block-column is-layout-flow wp-block-column-is-layout-flow\">\n<figure data-wp-context=\"{&quot;imageId&quot;:&quot;69f394879f5d3&quot;}\" data-wp-interactive=\"core\/image\" data-wp-key=\"69f394879f5d3\" class=\"wp-block-image size-full wp-lightbox-container\"><img decoding=\"async\" width=\"867\" height=\"1300\" data-wp-class--hide=\"state.isContentHidden\" data-wp-class--show=\"state.isContentVisible\" data-wp-init=\"callbacks.setButtonStyles\" data-wp-on--click=\"actions.showLightbox\" data-wp-on--load=\"callbacks.setButtonStyles\" data-wp-on-window--resize=\"callbacks.setButtonStyles\" src=\"https:\/\/www.toulouse-tourisme.com\/assets\/uploads\/sites\/3\/2023\/11\/exposition-photo-chateau-eau.jpg\" alt=\"Exposition photo \u00e0 la Galerie Le Ch\u00e2teau d\u2019Eau\" class=\"wp-image-6287\" style=\"aspect-ratio:2\/3;object-fit:cover\" srcset=\"https:\/\/www.toulouse-tourisme.com\/assets\/uploads\/sites\/3\/2023\/11\/exposition-photo-chateau-eau.jpg 867w, https:\/\/www.toulouse-tourisme.com\/assets\/uploads\/sites\/3\/2023\/11\/exposition-photo-chateau-eau-600x900.jpg 600w, https:\/\/www.toulouse-tourisme.com\/assets\/uploads\/sites\/3\/2023\/11\/exposition-photo-chateau-eau-400x600.jpg 400w, https:\/\/www.toulouse-tourisme.com\/assets\/uploads\/sites\/3\/2023\/11\/exposition-photo-chateau-eau-768x1152.jpg 768w\" sizes=\"(max-width: 867px) 100vw, 867px\" \/><button\n\t\t\tclass=\"lightbox-trigger\"\n\t\t\ttype=\"button\"\n\t\t\taria-haspopup=\"dialog\"\n\t\t\taria-label=\"Ingrandisci\"\n\t\t\tdata-wp-init=\"callbacks.initTriggerButton\"\n\t\t\tdata-wp-on--click=\"actions.showLightbox\"\n\t\t\tdata-wp-style--right=\"state.imageButtonRight\"\n\t\t\tdata-wp-style--top=\"state.imageButtonTop\"\n\t\t>\n\t\t\t<svg xmlns=\"http:\/\/www.w3.org\/2000\/svg\" width=\"12\" height=\"12\" fill=\"none\" viewBox=\"0 0 12 12\">\n\t\t\t\t<path fill=\"#fff\" d=\"M2 0a2 2 0 0 0-2 2v2h1.5V2a.5.5 0 0 1 .5-.5h2V0H2Zm2 10.5H2a.5.5 0 0 1-.5-.5V8H0v2a2 2 0 0 0 2 2h2v-1.5ZM8 12v-1.5h2a.5.5 0 0 0 .5-.5V8H12v2a2 2 0 0 1-2 2H8Zm2-12a2 2 0 0 1 2 2v2h-1.5V2a.5.5 0 0 0-.5-.5H8V0h2Z\" \/>\n\t\t\t<\/svg>\n\t\t<\/button><figcaption class=\"wp-element-caption\">Exposition au Ch\u00e2teau d\u2019Eau \u00a9 R\u00e9mi Deligeon<\/figcaption><\/figure>\n<\/div>\n\n\n\n<div class=\"wp-block-column is-layout-flow wp-block-column-is-layout-flow\">\n<figure data-wp-context=\"{&quot;imageId&quot;:&quot;69f394879fdde&quot;}\" data-wp-interactive=\"core\/image\" data-wp-key=\"69f394879fdde\" class=\"wp-block-image size-full wp-lightbox-container\"><img decoding=\"async\" width=\"1040\" height=\"1300\" data-wp-class--hide=\"state.isContentHidden\" data-wp-class--show=\"state.isContentVisible\" data-wp-init=\"callbacks.setButtonStyles\" data-wp-on--click=\"actions.showLightbox\" data-wp-on--load=\"callbacks.setButtonStyles\" data-wp-on-window--resize=\"callbacks.setButtonStyles\" src=\"https:\/\/www.toulouse-tourisme.com\/assets\/uploads\/sites\/3\/2023\/11\/visiter-toulouse-musee-les-abattoirs-1.jpg\" alt=\"Mus\u00e9e d'art moderne et contemporain les Abattoirs\" class=\"wp-image-6291\" style=\"aspect-ratio:2\/3;object-fit:cover\" srcset=\"https:\/\/www.toulouse-tourisme.com\/assets\/uploads\/sites\/3\/2023\/11\/visiter-toulouse-musee-les-abattoirs-1.jpg 1040w, https:\/\/www.toulouse-tourisme.com\/assets\/uploads\/sites\/3\/2023\/11\/visiter-toulouse-musee-les-abattoirs-1-600x750.jpg 600w, https:\/\/www.toulouse-tourisme.com\/assets\/uploads\/sites\/3\/2023\/11\/visiter-toulouse-musee-les-abattoirs-1-400x500.jpg 400w, https:\/\/www.toulouse-tourisme.com\/assets\/uploads\/sites\/3\/2023\/11\/visiter-toulouse-musee-les-abattoirs-1-768x960.jpg 768w\" sizes=\"(max-width: 1040px) 100vw, 1040px\" \/><button\n\t\t\tclass=\"lightbox-trigger\"\n\t\t\ttype=\"button\"\n\t\t\taria-haspopup=\"dialog\"\n\t\t\taria-label=\"Ingrandisci\"\n\t\t\tdata-wp-init=\"callbacks.initTriggerButton\"\n\t\t\tdata-wp-on--click=\"actions.showLightbox\"\n\t\t\tdata-wp-style--right=\"state.imageButtonRight\"\n\t\t\tdata-wp-style--top=\"state.imageButtonTop\"\n\t\t>\n\t\t\t<svg xmlns=\"http:\/\/www.w3.org\/2000\/svg\" width=\"12\" height=\"12\" fill=\"none\" viewBox=\"0 0 12 12\">\n\t\t\t\t<path fill=\"#fff\" d=\"M2 0a2 2 0 0 0-2 2v2h1.5V2a.5.5 0 0 1 .5-.5h2V0H2Zm2 10.5H2a.5.5 0 0 1-.5-.5V8H0v2a2 2 0 0 0 2 2h2v-1.5ZM8 12v-1.5h2a.5.5 0 0 0 .5-.5V8H12v2a2 2 0 0 1-2 2H8Zm2-12a2 2 0 0 1 2 2v2h-1.5V2a.5.5 0 0 0-.5-.5H8V0h2Z\" \/>\n\t\t\t<\/svg>\n\t\t<\/button><figcaption class=\"wp-element-caption\">Mus\u00e9e les Abattoirs \u00a9 HapTag<\/figcaption><\/figure>\n<\/div>\n\n\n\n<div class=\"wp-block-column is-vertically-aligned-center is-layout-flow wp-block-column-is-layout-flow\">\n<p>Il <a href=\"https:\/\/www.toulouse-tourisme.com\/it\/activite\/le-chateau-deau\/\">Ch\u00e2teau d&#8217;Eau<\/a> troneggia all&#8217;estremit\u00e0 del Pont Neuf, sulla riva sinistra. \u00c8 stato fondato dall&#8217;illustre fotografo tolosaiano Jean Dieuzaide ed \u00e8 <strong>dedicato alla fotografia<\/strong>. \u00c8 un luogo per appassionati che hanno a cuore di presentarvi i grandi nomi della fotografia, ma anche artisti emergenti.<\/p>\n\n\n\n<p>Il <strong>museo d&#8217;arte moderna e contemporanea<\/strong> <a href=\"https:\/\/www.toulouse-tourisme.com\/it\/activite\/les-abattoirs-musee-frac-occitanie-toulouse\/\">Les Abattoirs<\/a> ha sede negli ex macelli della citt\u00e0 di Tolosa e ne ha conservato il nome. 3.000 m\u00b2 di spazio sono dedicati all&#8217;arte contemporanea e alle mostre che vi si svolgono durante tutto l&#8217;anno. Per gli amanti dei libri d&#8217;arte, il museo possiede una bellissima libreria.<\/p>\n<\/div>\n<\/div>\n<\/div>\n\n\n\n<div class=\"wp-block-group has-global-padding is-layout-constrained wp-block-group-is-layout-constrained\">\n<div class=\"wp-block-columns is-layout-flex wp-container-core-columns-is-layout-28f84493 wp-block-columns-is-layout-flex\">\n<div class=\"wp-block-column is-vertically-aligned-center is-layout-flow wp-block-column-is-layout-flow\" style=\"flex-basis:33.33%\">\n<h2 class=\"wp-block-heading\">I musei delle scoperte scientifiche<\/h2>\n\n\n\n<p>Se Tolosa \u00e8 una citt\u00e0 che ama l&#8217;arte, \u00e8 anche una citt\u00e0 che ama l&#8217;avventura e che ha saputo essere pioniera in molti campi. Rivivete queste straordinarie avventure grazie alla scenografia interattiva che pone il visitatore come protagonista di queste scoperte.<\/p>\n\n\n\n<p>Diventa esploratore al <a href=\"https:\/\/www.toulouse-tourisme.com\/it\/activite\/le-museum-de-toulouse\/\">Museo di Storia Naturale<\/a>, aviatore sulle tracce di Saint-Exup\u00e9ry all&#8217;<a href=\"https:\/\/www.toulouse-tourisme.com\/it\/activite\/lenvol-des-pionniers\/\">Envol des Pionniers<\/a>, pilota dei tempi moderni all&#8217;<a href=\"https:\/\/www.toulouse-tourisme.com\/it\/activite\/musee-aeroscopia\/\">Aeroscopia<\/a>, astronauta alla <a href=\"https:\/\/www.toulouse-tourisme.com\/it\/activite\/cite-de-lespace\/\">Cit\u00e9 de l&#8217;espace<\/a>, amante delle scienze al <a href=\"https:\/\/www.toulouse-tourisme.com\/it\/activite\/le-quai-des-savoirs\/\">Quai des Savoirs<\/a>.<\/p>\n<\/div>\n\n\n\n<div class=\"wp-block-column is-layout-flow wp-block-column-is-layout-flow\" style=\"flex-basis:66.66%\">\n<figure data-wp-context=\"{&quot;imageId&quot;:&quot;69f39487a0d10&quot;}\" data-wp-interactive=\"core\/image\" data-wp-key=\"69f39487a0d10\" class=\"wp-block-image size-large wp-lightbox-container\"><img decoding=\"async\" width=\"1200\" height=\"800\" data-wp-class--hide=\"state.isContentHidden\" data-wp-class--show=\"state.isContentVisible\" data-wp-init=\"callbacks.setButtonStyles\" data-wp-on--click=\"actions.showLightbox\" data-wp-on--load=\"callbacks.setButtonStyles\" data-wp-on-window--resize=\"callbacks.setButtonStyles\" src=\"https:\/\/www.toulouse-tourisme.com\/assets\/uploads\/sites\/3\/2023\/11\/cite-espace-ariane-1200x800.jpg\" alt=\"La Cit\u00e9 de l'espace \u00e0 Toulouse\" class=\"wp-image-5424\" srcset=\"https:\/\/www.toulouse-tourisme.com\/assets\/uploads\/sites\/3\/2023\/11\/cite-espace-ariane-1200x800.jpg 1200w, https:\/\/www.toulouse-tourisme.com\/assets\/uploads\/sites\/3\/2023\/11\/cite-espace-ariane-600x400.jpg 600w, https:\/\/www.toulouse-tourisme.com\/assets\/uploads\/sites\/3\/2023\/11\/cite-espace-ariane-400x267.jpg 400w, https:\/\/www.toulouse-tourisme.com\/assets\/uploads\/sites\/3\/2023\/11\/cite-espace-ariane-768x512.jpg 768w, https:\/\/www.toulouse-tourisme.com\/assets\/uploads\/sites\/3\/2023\/11\/cite-espace-ariane-1536x1024.jpg 1536w, https:\/\/www.toulouse-tourisme.com\/assets\/uploads\/sites\/3\/2023\/11\/cite-espace-ariane.jpg 1920w\" sizes=\"(max-width: 1200px) 100vw, 1200px\" \/><button\n\t\t\tclass=\"lightbox-trigger\"\n\t\t\ttype=\"button\"\n\t\t\taria-haspopup=\"dialog\"\n\t\t\taria-label=\"Ingrandisci\"\n\t\t\tdata-wp-init=\"callbacks.initTriggerButton\"\n\t\t\tdata-wp-on--click=\"actions.showLightbox\"\n\t\t\tdata-wp-style--right=\"state.imageButtonRight\"\n\t\t\tdata-wp-style--top=\"state.imageButtonTop\"\n\t\t>\n\t\t\t<svg xmlns=\"http:\/\/www.w3.org\/2000\/svg\" width=\"12\" height=\"12\" fill=\"none\" viewBox=\"0 0 12 12\">\n\t\t\t\t<path fill=\"#fff\" d=\"M2 0a2 2 0 0 0-2 2v2h1.5V2a.5.5 0 0 1 .5-.5h2V0H2Zm2 10.5H2a.5.5 0 0 1-.5-.5V8H0v2a2 2 0 0 0 2 2h2v-1.5ZM8 12v-1.5h2a.5.5 0 0 0 .5-.5V8H12v2a2 2 0 0 1-2 2H8Zm2-12a2 2 0 0 1 2 2v2h-1.5V2a.5.5 0 0 0-.5-.5H8V0h2Z\" \/>\n\t\t\t<\/svg>\n\t\t<\/button><figcaption class=\"wp-element-caption\">La Cit\u00e9 de l&#8217;espace \u00a9 Manuel Huynh<\/figcaption><\/figure>\n<\/div>\n<\/div>\n<\/div>\n\n\n\n<div class=\"wp-block-group has-global-padding is-layout-constrained wp-block-group-is-layout-constrained\">\n<div class=\"wp-block-columns is-layout-flex wp-container-core-columns-is-layout-28f84493 wp-block-columns-is-layout-flex\">\n<div class=\"wp-block-column is-vertically-aligned-center is-layout-flow wp-block-column-is-layout-flow\">\n<figure data-wp-context=\"{&quot;imageId&quot;:&quot;69f39487a1917&quot;}\" data-wp-interactive=\"core\/image\" data-wp-key=\"69f39487a1917\" class=\"wp-block-image size-large wp-lightbox-container\"><img decoding=\"async\" width=\"1200\" height=\"800\" data-wp-class--hide=\"state.isContentHidden\" data-wp-class--show=\"state.isContentVisible\" data-wp-init=\"callbacks.setButtonStyles\" data-wp-on--click=\"actions.showLightbox\" data-wp-on--load=\"callbacks.setButtonStyles\" data-wp-on-window--resize=\"callbacks.setButtonStyles\" src=\"https:\/\/www.toulouse-tourisme.com\/assets\/uploads\/sites\/3\/2024\/01\/musee-paul-dupuy-1200x800.jpg\" alt=\"Mus\u00e9e Paul Dupuy \u00e0 Toulouse\" class=\"wp-image-10541\" srcset=\"https:\/\/www.toulouse-tourisme.com\/assets\/uploads\/sites\/3\/2024\/01\/musee-paul-dupuy-1200x800.jpg 1200w, https:\/\/www.toulouse-tourisme.com\/assets\/uploads\/sites\/3\/2024\/01\/musee-paul-dupuy-600x400.jpg 600w, https:\/\/www.toulouse-tourisme.com\/assets\/uploads\/sites\/3\/2024\/01\/musee-paul-dupuy-400x267.jpg 400w, https:\/\/www.toulouse-tourisme.com\/assets\/uploads\/sites\/3\/2024\/01\/musee-paul-dupuy-768x512.jpg 768w, https:\/\/www.toulouse-tourisme.com\/assets\/uploads\/sites\/3\/2024\/01\/musee-paul-dupuy-1536x1024.jpg 1536w, https:\/\/www.toulouse-tourisme.com\/assets\/uploads\/sites\/3\/2024\/01\/musee-paul-dupuy.jpg 1920w\" sizes=\"(max-width: 1200px) 100vw, 1200px\" \/><button\n\t\t\tclass=\"lightbox-trigger\"\n\t\t\ttype=\"button\"\n\t\t\taria-haspopup=\"dialog\"\n\t\t\taria-label=\"Ingrandisci\"\n\t\t\tdata-wp-init=\"callbacks.initTriggerButton\"\n\t\t\tdata-wp-on--click=\"actions.showLightbox\"\n\t\t\tdata-wp-style--right=\"state.imageButtonRight\"\n\t\t\tdata-wp-style--top=\"state.imageButtonTop\"\n\t\t>\n\t\t\t<svg xmlns=\"http:\/\/www.w3.org\/2000\/svg\" width=\"12\" height=\"12\" fill=\"none\" viewBox=\"0 0 12 12\">\n\t\t\t\t<path fill=\"#fff\" d=\"M2 0a2 2 0 0 0-2 2v2h1.5V2a.5.5 0 0 1 .5-.5h2V0H2Zm2 10.5H2a.5.5 0 0 1-.5-.5V8H0v2a2 2 0 0 0 2 2h2v-1.5ZM8 12v-1.5h2a.5.5 0 0 0 .5-.5V8H12v2a2 2 0 0 1-2 2H8Zm2-12a2 2 0 0 1 2 2v2h-1.5V2a.5.5 0 0 0-.5-.5H8V0h2Z\" \/>\n\t\t\t<\/svg>\n\t\t<\/button><figcaption class=\"wp-element-caption\">Il museo delle Arti Preziose Paul-Dupuy \u00a9 R\u00e9mi Deligeon<\/figcaption><\/figure>\n<\/div>\n\n\n\n<div class=\"wp-block-column is-vertically-aligned-center is-layout-flow wp-block-column-is-layout-flow\">\n<figure data-wp-context=\"{&quot;imageId&quot;:&quot;69f39487a2715&quot;}\" data-wp-interactive=\"core\/image\" data-wp-key=\"69f39487a2715\" class=\"wp-block-image size-large wp-lightbox-container\"><img decoding=\"async\" width=\"1200\" height=\"800\" data-wp-class--hide=\"state.isContentHidden\" data-wp-class--show=\"state.isContentVisible\" data-wp-init=\"callbacks.setButtonStyles\" data-wp-on--click=\"actions.showLightbox\" data-wp-on--load=\"callbacks.setButtonStyles\" data-wp-on-window--resize=\"callbacks.setButtonStyles\" src=\"https:\/\/www.toulouse-tourisme.com\/assets\/uploads\/sites\/3\/2024\/01\/musee-paul-dupuy-toulouse-1200x800.jpg\" alt=\"Mus\u00e9e Paul Dupuy \u00e0 Toulouse\" class=\"wp-image-10537\" srcset=\"https:\/\/www.toulouse-tourisme.com\/assets\/uploads\/sites\/3\/2024\/01\/musee-paul-dupuy-toulouse-1200x800.jpg 1200w, https:\/\/www.toulouse-tourisme.com\/assets\/uploads\/sites\/3\/2024\/01\/musee-paul-dupuy-toulouse-600x400.jpg 600w, https:\/\/www.toulouse-tourisme.com\/assets\/uploads\/sites\/3\/2024\/01\/musee-paul-dupuy-toulouse-400x267.jpg 400w, https:\/\/www.toulouse-tourisme.com\/assets\/uploads\/sites\/3\/2024\/01\/musee-paul-dupuy-toulouse-768x512.jpg 768w, https:\/\/www.toulouse-tourisme.com\/assets\/uploads\/sites\/3\/2024\/01\/musee-paul-dupuy-toulouse-1536x1024.jpg 1536w, https:\/\/www.toulouse-tourisme.com\/assets\/uploads\/sites\/3\/2024\/01\/musee-paul-dupuy-toulouse.jpg 1920w\" sizes=\"(max-width: 1200px) 100vw, 1200px\" \/><button\n\t\t\tclass=\"lightbox-trigger\"\n\t\t\ttype=\"button\"\n\t\t\taria-haspopup=\"dialog\"\n\t\t\taria-label=\"Ingrandisci\"\n\t\t\tdata-wp-init=\"callbacks.initTriggerButton\"\n\t\t\tdata-wp-on--click=\"actions.showLightbox\"\n\t\t\tdata-wp-style--right=\"state.imageButtonRight\"\n\t\t\tdata-wp-style--top=\"state.imageButtonTop\"\n\t\t>\n\t\t\t<svg xmlns=\"http:\/\/www.w3.org\/2000\/svg\" width=\"12\" height=\"12\" fill=\"none\" viewBox=\"0 0 12 12\">\n\t\t\t\t<path fill=\"#fff\" d=\"M2 0a2 2 0 0 0-2 2v2h1.5V2a.5.5 0 0 1 .5-.5h2V0H2Zm2 10.5H2a.5.5 0 0 1-.5-.5V8H0v2a2 2 0 0 0 2 2h2v-1.5ZM8 12v-1.5h2a.5.5 0 0 0 .5-.5V8H12v2a2 2 0 0 1-2 2H8Zm2-12a2 2 0 0 1 2 2v2h-1.5V2a.5.5 0 0 0-.5-.5H8V0h2Z\" \/>\n\t\t\t<\/svg>\n\t\t<\/button><figcaption class=\"wp-element-caption\">Il museo delle Arti Preziose Paul-Dupuy \u00a9 R\u00e9mi Deligeon<\/figcaption><\/figure>\n<\/div>\n\n\n\n<div class=\"wp-block-column is-vertically-aligned-top is-layout-flow wp-block-column-is-layout-flow\">\n<h2 class=\"wp-block-heading\">Arte preziosa e curiosit\u00e0<\/h2>\n\n\n\n<p>Il <strong>museo delle Arti Preziose<\/strong> <a href=\"https:\/\/www.toulouse-tourisme.com\/it\/activite\/musee-des-arts-precieux-paul-dupuy\/\">Paul-Dupuy<\/a> presenta opere dal Medioevo fino alla fine degli anni &#8217;30. Potrete ammirare una bellissima collezione di orologi, la ricostruzione di una farmacia del XVII secolo e una serie di tesori religiosi medievali.<\/p>\n<\/div>\n<\/div>\n<\/div>\n\n\n\n<div class=\"wp-block-group has-global-padding is-layout-constrained wp-block-group-is-layout-constrained\">\n<h3 class=\"wp-block-heading\">Eventi significativi della storia<\/h3>\n\n\n\n<div class=\"wp-block-columns is-layout-flex wp-container-core-columns-is-layout-28f84493 wp-block-columns-is-layout-flex\">\n<div class=\"wp-block-column is-layout-flow wp-block-column-is-layout-flow\">\n<p>Il <a href=\"https:\/\/www.toulouse-tourisme.com\/it\/activite\/musee-departemental-de-la-resistance-et-de-la-deportation\/\">museo dipartimentale della Resistenza e della Deportazione<\/a> mette in luce una collezione di archivi e oggetti legati alla Seconda Guerra Mondiale. Vengono evocati la vita quotidiana in tempo di guerra degli abitanti dell&#8217;Alta Garonna, il percorso di quegli uomini e quelle donne che hanno resistito o sono stati vittime della Deportazione, e un principio universale che \u00e8 al di fuori del tempo: quello della cittadinanza.<\/p>\n<\/div>\n\n\n\n<div class=\"wp-block-column is-layout-flow wp-block-column-is-layout-flow\">\n<p>Il <a href=\"https:\/\/www.toulouse-tourisme.com\/it\/activite\/le-monument-a-la-gloire-de-la-resistance\/\">monumento alla gloria della Resistenza<\/a>, classificato come monumento storico, \u00e8 un&#8217;opera completa in cui architettura, scultura, suoni e immagini si fondono per creare un percorso sensoriale. Un percorso sotterraneo che mira a rappresentare le azioni della Resistenza e gli orrori della guerra.<\/p>\n<\/div>\n\n\n\n<div class=\"wp-block-column is-layout-flow wp-block-column-is-layout-flow\">\n<p>La prigione Saint-Michel non ospita pi\u00f9 detenuti e non \u00e8 accessibile al pubblico dalla sua chiusura. La sua storia \u00e8 raccontata <a href=\"https:\/\/www.toulouse-tourisme.com\/it\/activite\/castelet\/\">al Castelet<\/a>: l&#8217;ambiziosa architettura ideata da Jean-Jacques Esqui\u00e9 nel XIX secolo, la vita quotidiana e le vicende legate a questa prigione per sempre, nonch\u00e9 i resistenti della Seconda Guerra Mondiale che vi furono incarcerati.<\/p>\n<\/div>\n<\/div>\n<\/div>\n\n\n\n<div class=\"wp-block-group has-global-padding is-layout-constrained wp-block-group-is-layout-constrained\">\t<div id=\"map_8cdc71538689e1aa08946c63b2bd7cb8\" class=\"fsgb-block-leaflet-map leaflet-map\" >\n\t\t<input type=\"hidden\" name=\"leaflet-map-settings\" data-value='{&quot;id&quot;:&quot;map_8cdc71538689e1aa08946c63b2bd7cb8&quot;,&quot;latitude&quot;:&quot;43.6007&quot;,&quot;longitude&quot;:&quot;1.4330&quot;,&quot;zoom&quot;:&quot;12&quot;,&quot;scrollWheelZoom&quot;:false,&quot;layer&quot;:&quot;openstreetmap&quot;,&quot;fit_bounds&quot;:true,&quot;cluster&quot;:null,&quot;markers&quot;:[{&quot;fsgb_leaflet_map_marker_latitude&quot;:&quot;43.6077588&quot;,&quot;fsgb_leaflet_map_marker_longitude&quot;:&quot;1.4411384&quot;,&quot;fsgb_leaflet_map_marker_anchor&quot;:&quot;&quot;,&quot;fsgb_leaflet_map_marker_media&quot;:194354,&quot;fsgb_leaflet_map_marker_title&quot;:&quot;Mus\\u00e9e Saint-Raymond&quot;,&quot;fsgb_leaflet_map_marker_text&quot;:&quot;&quot;,&quot;fsgb_leaflet_map_marker_link&quot;:&quot;&quot;,&quot;fsgb_leaflet_map_marker_style&quot;:&quot;basic&quot;,&quot;fsgb_leaflet_map_marker_numbering&quot;:false,&quot;fsgb_leaflet_map_marker_color&quot;:&quot;&quot;,&quot;fsgb_leaflet_map_marker_picto&quot;:false,&quot;popup_content&quot;:&quot;\\t&lt;article class=\\&quot;card card--leaflet stretched-link\\&quot;&gt;\\n\\t\\t\\t\\t\\t&lt;figure class=\\&quot;card__thumbnail has-middleground-background-color\\&quot;&gt;\\n\\t\\t\\t\\t&lt;img width=\\&quot;600\\&quot; height=\\&quot;400\\&quot; src=\\&quot;https:\\\/\\\/www.toulouse-tourisme.com\\\/assets\\\/uploads\\\/sites\\\/3\\\/2023\\\/11\\\/musee-saint-raymond-toulouse-600x400.jpg\\&quot; class=\\&quot;attachment-medium size-medium\\&quot; alt=\\&quot;Visiter Toulouse, le Mus\\u00e9e Saint-Raymond\\&quot; srcset=\\&quot;https:\\\/\\\/www.toulouse-tourisme.com\\\/assets\\\/uploads\\\/sites\\\/3\\\/2023\\\/11\\\/musee-saint-raymond-toulouse-600x400.jpg 600w, https:\\\/\\\/www.toulouse-tourisme.com\\\/assets\\\/uploads\\\/sites\\\/3\\\/2023\\\/11\\\/musee-saint-raymond-toulouse-1200x800.jpg 1200w, https:\\\/\\\/www.toulouse-tourisme.com\\\/assets\\\/uploads\\\/sites\\\/3\\\/2023\\\/11\\\/musee-saint-raymond-toulouse-400x267.jpg 400w, https:\\\/\\\/www.toulouse-tourisme.com\\\/assets\\\/uploads\\\/sites\\\/3\\\/2023\\\/11\\\/musee-saint-raymond-toulouse-768x512.jpg 768w, https:\\\/\\\/www.toulouse-tourisme.com\\\/assets\\\/uploads\\\/sites\\\/3\\\/2023\\\/11\\\/musee-saint-raymond-toulouse-1536x1024.jpg 1536w, https:\\\/\\\/www.toulouse-tourisme.com\\\/assets\\\/uploads\\\/sites\\\/3\\\/2023\\\/11\\\/musee-saint-raymond-toulouse.jpg 1920w\\&quot; sizes=\\&quot;(max-width: 600px) 100vw, 600px\\&quot; \\\/&gt;\\t\\t\\t&lt;\\\/figure&gt;\\n\\t\\t\\n\\t\\t&lt;div class=\\&quot;card__content\\&quot;&gt;\\n\\t\\t\\t\\t\\t\\t\\t&lt;h3&gt;\\n\\t\\t\\t\\t\\t\\t\\t\\t\\t\\t\\tMus\\u00e9e Saint-Raymond\\t\\t\\t\\t\\t\\t\\t\\t\\t&lt;\\\/h3&gt;\\n\\t\\t\\t\\n\\t\\t\\t\\n\\t\\t\\t\\t\\t&lt;\\\/div&gt;\\n\\t&lt;\\\/article&gt;\\n&quot;,&quot;is_draggable&quot;:false},{&quot;fsgb_leaflet_map_marker_latitude&quot;:&quot;43.6007949&quot;,&quot;fsgb_leaflet_map_marker_longitude&quot;:&quot;1.4441041&quot;,&quot;fsgb_leaflet_map_marker_anchor&quot;:&quot;&quot;,&quot;fsgb_leaflet_map_marker_media&quot;:194355,&quot;fsgb_leaflet_map_marker_title&quot;:&quot;Mus\\u00e9e des Augustins&quot;,&quot;fsgb_leaflet_map_marker_text&quot;:&quot;Ferm\\u00e9 pour travaux&quot;,&quot;fsgb_leaflet_map_marker_link&quot;:&quot;&quot;,&quot;fsgb_leaflet_map_marker_style&quot;:&quot;basic&quot;,&quot;fsgb_leaflet_map_marker_numbering&quot;:false,&quot;fsgb_leaflet_map_marker_color&quot;:&quot;&quot;,&quot;fsgb_leaflet_map_marker_picto&quot;:false,&quot;popup_content&quot;:&quot;\\t&lt;article class=\\&quot;card card--leaflet stretched-link\\&quot;&gt;\\n\\t\\t\\t\\t\\t&lt;figure class=\\&quot;card__thumbnail has-middleground-background-color\\&quot;&gt;\\n\\t\\t\\t\\t&lt;img width=\\&quot;600\\&quot; height=\\&quot;400\\&quot; src=\\&quot;https:\\\/\\\/www.toulouse-tourisme.com\\\/assets\\\/uploads\\\/sites\\\/3\\\/2023\\\/11\\\/toulouse-musee-des-augustins-600x400.jpg\\&quot; class=\\&quot;attachment-medium size-medium\\&quot; alt=\\&quot;Visiter Toulouse, le mus\\u00e9e des Augustins\\&quot; srcset=\\&quot;https:\\\/\\\/www.toulouse-tourisme.com\\\/assets\\\/uploads\\\/sites\\\/3\\\/2023\\\/11\\\/toulouse-musee-des-augustins-600x400.jpg 600w, https:\\\/\\\/www.toulouse-tourisme.com\\\/assets\\\/uploads\\\/sites\\\/3\\\/2023\\\/11\\\/toulouse-musee-des-augustins-1200x800.jpg 1200w, https:\\\/\\\/www.toulouse-tourisme.com\\\/assets\\\/uploads\\\/sites\\\/3\\\/2023\\\/11\\\/toulouse-musee-des-augustins-400x267.jpg 400w, https:\\\/\\\/www.toulouse-tourisme.com\\\/assets\\\/uploads\\\/sites\\\/3\\\/2023\\\/11\\\/toulouse-musee-des-augustins-768x512.jpg 768w, https:\\\/\\\/www.toulouse-tourisme.com\\\/assets\\\/uploads\\\/sites\\\/3\\\/2023\\\/11\\\/toulouse-musee-des-augustins-1536x1024.jpg 1536w, https:\\\/\\\/www.toulouse-tourisme.com\\\/assets\\\/uploads\\\/sites\\\/3\\\/2023\\\/11\\\/toulouse-musee-des-augustins.jpg 1920w\\&quot; sizes=\\&quot;(max-width: 600px) 100vw, 600px\\&quot; \\\/&gt;\\t\\t\\t&lt;\\\/figure&gt;\\n\\t\\t\\n\\t\\t&lt;div class=\\&quot;card__content\\&quot;&gt;\\n\\t\\t\\t\\t\\t\\t\\t&lt;h3&gt;\\n\\t\\t\\t\\t\\t\\t\\t\\t\\t\\t\\tMus\\u00e9e des Augustins\\t\\t\\t\\t\\t\\t\\t\\t\\t&lt;\\\/h3&gt;\\n\\t\\t\\t\\n\\t\\t\\t\\n\\t\\t\\t\\t\\t&lt;\\\/div&gt;\\n\\t&lt;\\\/article&gt;\\n&quot;,&quot;is_draggable&quot;:false},{&quot;fsgb_leaflet_map_marker_latitude&quot;:&quot;43.6003127&quot;,&quot;fsgb_leaflet_map_marker_longitude&quot;:&quot;1.4411935&quot;,&quot;fsgb_leaflet_map_marker_anchor&quot;:&quot;&quot;,&quot;fsgb_leaflet_map_marker_media&quot;:194356,&quot;fsgb_leaflet_map_marker_title&quot;:&quot;Fondation Bemberg&quot;,&quot;fsgb_leaflet_map_marker_text&quot;:&quot;Ferm\\u00e9 pour travaux&quot;,&quot;fsgb_leaflet_map_marker_link&quot;:&quot;&quot;,&quot;fsgb_leaflet_map_marker_style&quot;:&quot;basic&quot;,&quot;fsgb_leaflet_map_marker_numbering&quot;:false,&quot;fsgb_leaflet_map_marker_color&quot;:&quot;&quot;,&quot;fsgb_leaflet_map_marker_picto&quot;:false,&quot;popup_content&quot;:&quot;\\t&lt;article class=\\&quot;card card--leaflet stretched-link\\&quot;&gt;\\n\\t\\t\\t\\t\\t&lt;figure class=\\&quot;card__thumbnail has-middleground-background-color\\&quot;&gt;\\n\\t\\t\\t\\t&lt;img width=\\&quot;600\\&quot; height=\\&quot;450\\&quot; src=\\&quot;https:\\\/\\\/www.toulouse-tourisme.com\\\/assets\\\/uploads\\\/sites\\\/3\\\/2023\\\/11\\\/visiter-toulouse-fondation-bemberg-600x450.jpg\\&quot; class=\\&quot;attachment-medium size-medium\\&quot; alt=\\&quot;Visiter Toulouse, la fondation Bemberg\\&quot; srcset=\\&quot;https:\\\/\\\/www.toulouse-tourisme.com\\\/assets\\\/uploads\\\/sites\\\/3\\\/2023\\\/11\\\/visiter-toulouse-fondation-bemberg-600x450.jpg 600w, https:\\\/\\\/www.toulouse-tourisme.com\\\/assets\\\/uploads\\\/sites\\\/3\\\/2023\\\/11\\\/visiter-toulouse-fondation-bemberg-1200x900.jpg 1200w, https:\\\/\\\/www.toulouse-tourisme.com\\\/assets\\\/uploads\\\/sites\\\/3\\\/2023\\\/11\\\/visiter-toulouse-fondation-bemberg-400x300.jpg 400w, https:\\\/\\\/www.toulouse-tourisme.com\\\/assets\\\/uploads\\\/sites\\\/3\\\/2023\\\/11\\\/visiter-toulouse-fondation-bemberg-768x576.jpg 768w, https:\\\/\\\/www.toulouse-tourisme.com\\\/assets\\\/uploads\\\/sites\\\/3\\\/2023\\\/11\\\/visiter-toulouse-fondation-bemberg-1536x1152.jpg 1536w, https:\\\/\\\/www.toulouse-tourisme.com\\\/assets\\\/uploads\\\/sites\\\/3\\\/2023\\\/11\\\/visiter-toulouse-fondation-bemberg.jpg 1920w\\&quot; sizes=\\&quot;(max-width: 600px) 100vw, 600px\\&quot; \\\/&gt;\\t\\t\\t&lt;\\\/figure&gt;\\n\\t\\t\\n\\t\\t&lt;div class=\\&quot;card__content\\&quot;&gt;\\n\\t\\t\\t\\t\\t\\t\\t&lt;h3&gt;\\n\\t\\t\\t\\t\\t\\t\\t\\t\\t\\t\\tFondation Bemberg\\t\\t\\t\\t\\t\\t\\t\\t\\t&lt;\\\/h3&gt;\\n\\t\\t\\t\\n\\t\\t\\t\\n\\t\\t\\t\\t\\t&lt;\\\/div&gt;\\n\\t&lt;\\\/article&gt;\\n&quot;,&quot;is_draggable&quot;:false},{&quot;fsgb_leaflet_map_marker_latitude&quot;:&quot;43.5986959&quot;,&quot;fsgb_leaflet_map_marker_longitude&quot;:&quot;1.4343509&quot;,&quot;fsgb_leaflet_map_marker_anchor&quot;:&quot;&quot;,&quot;fsgb_leaflet_map_marker_media&quot;:194357,&quot;fsgb_leaflet_map_marker_title&quot;:&quot;Galerie le Ch\\u00e2teau d&#039;Eau&quot;,&quot;fsgb_leaflet_map_marker_text&quot;:&quot;&quot;,&quot;fsgb_leaflet_map_marker_link&quot;:&quot;&quot;,&quot;fsgb_leaflet_map_marker_style&quot;:&quot;basic&quot;,&quot;fsgb_leaflet_map_marker_numbering&quot;:false,&quot;fsgb_leaflet_map_marker_color&quot;:&quot;&quot;,&quot;fsgb_leaflet_map_marker_picto&quot;:false,&quot;popup_content&quot;:&quot;\\t&lt;article class=\\&quot;card card--leaflet stretched-link\\&quot;&gt;\\n\\t\\t\\t\\t\\t&lt;figure class=\\&quot;card__thumbnail has-middleground-background-color\\&quot;&gt;\\n\\t\\t\\t\\t&lt;img width=\\&quot;600\\&quot; height=\\&quot;400\\&quot; src=\\&quot;https:\\\/\\\/www.toulouse-tourisme.com\\\/assets\\\/uploads\\\/sites\\\/3\\\/2023\\\/11\\\/visiter-toulouse-chateau-eau-600x400.jpg\\&quot; class=\\&quot;attachment-medium size-medium\\&quot; alt=\\&quot;Visiter Toulouse, la Galerie le Ch\\u00e2teau d&amp;#039;Eau\\&quot; srcset=\\&quot;https:\\\/\\\/www.toulouse-tourisme.com\\\/assets\\\/uploads\\\/sites\\\/3\\\/2023\\\/11\\\/visiter-toulouse-chateau-eau-600x400.jpg 600w, https:\\\/\\\/www.toulouse-tourisme.com\\\/assets\\\/uploads\\\/sites\\\/3\\\/2023\\\/11\\\/visiter-toulouse-chateau-eau-1200x800.jpg 1200w, https:\\\/\\\/www.toulouse-tourisme.com\\\/assets\\\/uploads\\\/sites\\\/3\\\/2023\\\/11\\\/visiter-toulouse-chateau-eau-400x267.jpg 400w, https:\\\/\\\/www.toulouse-tourisme.com\\\/assets\\\/uploads\\\/sites\\\/3\\\/2023\\\/11\\\/visiter-toulouse-chateau-eau-768x512.jpg 768w, https:\\\/\\\/www.toulouse-tourisme.com\\\/assets\\\/uploads\\\/sites\\\/3\\\/2023\\\/11\\\/visiter-toulouse-chateau-eau-1536x1024.jpg 1536w, https:\\\/\\\/www.toulouse-tourisme.com\\\/assets\\\/uploads\\\/sites\\\/3\\\/2023\\\/11\\\/visiter-toulouse-chateau-eau.jpg 1920w\\&quot; sizes=\\&quot;(max-width: 600px) 100vw, 600px\\&quot; \\\/&gt;\\t\\t\\t&lt;\\\/figure&gt;\\n\\t\\t\\n\\t\\t&lt;div class=\\&quot;card__content\\&quot;&gt;\\n\\t\\t\\t\\t\\t\\t\\t&lt;h3&gt;\\n\\t\\t\\t\\t\\t\\t\\t\\t\\t\\t\\tGalerie le Ch\\u00e2teau d&#039;Eau\\t\\t\\t\\t\\t\\t\\t\\t\\t&lt;\\\/h3&gt;\\n\\t\\t\\t\\n\\t\\t\\t\\n\\t\\t\\t\\t\\t&lt;\\\/div&gt;\\n\\t&lt;\\\/article&gt;\\n&quot;,&quot;is_draggable&quot;:false},{&quot;fsgb_leaflet_map_marker_latitude&quot;:&quot;43.6008332&quot;,&quot;fsgb_leaflet_map_marker_longitude&quot;:&quot;1.4268348&quot;,&quot;fsgb_leaflet_map_marker_anchor&quot;:&quot;&quot;,&quot;fsgb_leaflet_map_marker_media&quot;:194330,&quot;fsgb_leaflet_map_marker_title&quot;:&quot;Mus\\u00e9e Les Abattoirs&quot;,&quot;fsgb_leaflet_map_marker_text&quot;:&quot;&quot;,&quot;fsgb_leaflet_map_marker_link&quot;:&quot;&quot;,&quot;fsgb_leaflet_map_marker_style&quot;:&quot;basic&quot;,&quot;fsgb_leaflet_map_marker_numbering&quot;:false,&quot;fsgb_leaflet_map_marker_color&quot;:&quot;&quot;,&quot;fsgb_leaflet_map_marker_picto&quot;:false,&quot;popup_content&quot;:&quot;\\t&lt;article class=\\&quot;card card--leaflet stretched-link\\&quot;&gt;\\n\\t\\t\\t\\t\\t&lt;figure class=\\&quot;card__thumbnail has-middleground-background-color\\&quot;&gt;\\n\\t\\t\\t\\t&lt;img width=\\&quot;600\\&quot; height=\\&quot;400\\&quot; src=\\&quot;https:\\\/\\\/www.toulouse-tourisme.com\\\/assets\\\/uploads\\\/sites\\\/3\\\/2023\\\/11\\\/toulouse-musee-des-abattoirs-600x400.jpg\\&quot; class=\\&quot;attachment-medium size-medium\\&quot; alt=\\&quot;Toulouse, le mus\\u00e9e d&amp;#039;art moderne et contemporain les Abattoirs\\&quot; srcset=\\&quot;https:\\\/\\\/www.toulouse-tourisme.com\\\/assets\\\/uploads\\\/sites\\\/3\\\/2023\\\/11\\\/toulouse-musee-des-abattoirs-600x400.jpg 600w, https:\\\/\\\/www.toulouse-tourisme.com\\\/assets\\\/uploads\\\/sites\\\/3\\\/2023\\\/11\\\/toulouse-musee-des-abattoirs-400x267.jpg 400w, https:\\\/\\\/www.toulouse-tourisme.com\\\/assets\\\/uploads\\\/sites\\\/3\\\/2023\\\/11\\\/toulouse-musee-des-abattoirs-768x512.jpg 768w, https:\\\/\\\/www.toulouse-tourisme.com\\\/assets\\\/uploads\\\/sites\\\/3\\\/2023\\\/11\\\/toulouse-musee-des-abattoirs.jpg 800w\\&quot; sizes=\\&quot;(max-width: 600px) 100vw, 600px\\&quot; \\\/&gt;\\t\\t\\t&lt;\\\/figure&gt;\\n\\t\\t\\n\\t\\t&lt;div class=\\&quot;card__content\\&quot;&gt;\\n\\t\\t\\t\\t\\t\\t\\t&lt;h3&gt;\\n\\t\\t\\t\\t\\t\\t\\t\\t\\t\\t\\tMus\\u00e9e Les Abattoirs\\t\\t\\t\\t\\t\\t\\t\\t\\t&lt;\\\/h3&gt;\\n\\t\\t\\t\\n\\t\\t\\t\\n\\t\\t\\t\\t\\t&lt;\\\/div&gt;\\n\\t&lt;\\\/article&gt;\\n&quot;,&quot;is_draggable&quot;:false},{&quot;fsgb_leaflet_map_marker_latitude&quot;:&quot;43.5936105&quot;,&quot;fsgb_leaflet_map_marker_longitude&quot;:&quot;1.4442664&quot;,&quot;fsgb_leaflet_map_marker_anchor&quot;:&quot;&quot;,&quot;fsgb_leaflet_map_marker_media&quot;:194358,&quot;fsgb_leaflet_map_marker_title&quot;:&quot;Le Mus\\u00e9um&quot;,&quot;fsgb_leaflet_map_marker_text&quot;:&quot;&quot;,&quot;fsgb_leaflet_map_marker_link&quot;:&quot;&quot;,&quot;fsgb_leaflet_map_marker_style&quot;:&quot;basic&quot;,&quot;fsgb_leaflet_map_marker_numbering&quot;:false,&quot;fsgb_leaflet_map_marker_color&quot;:&quot;&quot;,&quot;fsgb_leaflet_map_marker_picto&quot;:false,&quot;popup_content&quot;:&quot;\\t&lt;article class=\\&quot;card card--leaflet stretched-link\\&quot;&gt;\\n\\t\\t\\t\\t\\t&lt;figure class=\\&quot;card__thumbnail has-middleground-background-color\\&quot;&gt;\\n\\t\\t\\t\\t&lt;img width=\\&quot;600\\&quot; height=\\&quot;400\\&quot; src=\\&quot;https:\\\/\\\/www.toulouse-tourisme.com\\\/assets\\\/uploads\\\/sites\\\/3\\\/2023\\\/11\\\/visiter-toulouse-museum-1-600x400.jpg\\&quot; class=\\&quot;attachment-medium size-medium\\&quot; alt=\\&quot;Visiter Toulouse, le Mus\\u00e9um\\&quot; srcset=\\&quot;https:\\\/\\\/www.toulouse-tourisme.com\\\/assets\\\/uploads\\\/sites\\\/3\\\/2023\\\/11\\\/visiter-toulouse-museum-1-600x400.jpg 600w, https:\\\/\\\/www.toulouse-tourisme.com\\\/assets\\\/uploads\\\/sites\\\/3\\\/2023\\\/11\\\/visiter-toulouse-museum-1-1200x800.jpg 1200w, https:\\\/\\\/www.toulouse-tourisme.com\\\/assets\\\/uploads\\\/sites\\\/3\\\/2023\\\/11\\\/visiter-toulouse-museum-1-400x267.jpg 400w, https:\\\/\\\/www.toulouse-tourisme.com\\\/assets\\\/uploads\\\/sites\\\/3\\\/2023\\\/11\\\/visiter-toulouse-museum-1-768x512.jpg 768w, https:\\\/\\\/www.toulouse-tourisme.com\\\/assets\\\/uploads\\\/sites\\\/3\\\/2023\\\/11\\\/visiter-toulouse-museum-1-1536x1024.jpg 1536w, https:\\\/\\\/www.toulouse-tourisme.com\\\/assets\\\/uploads\\\/sites\\\/3\\\/2023\\\/11\\\/visiter-toulouse-museum-1.jpg 1920w\\&quot; sizes=\\&quot;(max-width: 600px) 100vw, 600px\\&quot; \\\/&gt;\\t\\t\\t&lt;\\\/figure&gt;\\n\\t\\t\\n\\t\\t&lt;div class=\\&quot;card__content\\&quot;&gt;\\n\\t\\t\\t\\t\\t\\t\\t&lt;h3&gt;\\n\\t\\t\\t\\t\\t\\t\\t\\t\\t\\t\\tLe Mus\\u00e9um\\t\\t\\t\\t\\t\\t\\t\\t\\t&lt;\\\/h3&gt;\\n\\t\\t\\t\\n\\t\\t\\t\\n\\t\\t\\t\\t\\t&lt;\\\/div&gt;\\n\\t&lt;\\\/article&gt;\\n&quot;,&quot;is_draggable&quot;:false},{&quot;fsgb_leaflet_map_marker_latitude&quot;:&quot;43.57416&quot;,&quot;fsgb_leaflet_map_marker_longitude&quot;:&quot;1.4743148&quot;,&quot;fsgb_leaflet_map_marker_anchor&quot;:&quot;&quot;,&quot;fsgb_leaflet_map_marker_media&quot;:false,&quot;fsgb_leaflet_map_marker_title&quot;:&quot;L&#039;Envol des Pionniers&quot;,&quot;fsgb_leaflet_map_marker_text&quot;:&quot;&quot;,&quot;fsgb_leaflet_map_marker_link&quot;:&quot;&quot;,&quot;fsgb_leaflet_map_marker_style&quot;:&quot;basic&quot;,&quot;fsgb_leaflet_map_marker_numbering&quot;:false,&quot;fsgb_leaflet_map_marker_color&quot;:&quot;&quot;,&quot;fsgb_leaflet_map_marker_picto&quot;:false,&quot;popup_content&quot;:&quot;\\t&lt;article class=\\&quot;card card--leaflet stretched-link\\&quot;&gt;\\n\\t\\t\\n\\t\\t&lt;div class=\\&quot;card__content\\&quot;&gt;\\n\\t\\t\\t\\t\\t\\t\\t&lt;h3&gt;\\n\\t\\t\\t\\t\\t\\t\\t\\t\\t\\t\\tL&#039;Envol des Pionniers\\t\\t\\t\\t\\t\\t\\t\\t\\t&lt;\\\/h3&gt;\\n\\t\\t\\t\\n\\t\\t\\t\\n\\t\\t\\t\\t\\t&lt;\\\/div&gt;\\n\\t&lt;\\\/article&gt;\\n&quot;,&quot;is_draggable&quot;:false},{&quot;fsgb_leaflet_map_marker_latitude&quot;:&quot;43.6601453&quot;,&quot;fsgb_leaflet_map_marker_longitude&quot;:&quot;1.358024&quot;,&quot;fsgb_leaflet_map_marker_anchor&quot;:&quot;&quot;,&quot;fsgb_leaflet_map_marker_media&quot;:194237,&quot;fsgb_leaflet_map_marker_title&quot;:&quot;Aeroscopia&quot;,&quot;fsgb_leaflet_map_marker_text&quot;:&quot;&quot;,&quot;fsgb_leaflet_map_marker_link&quot;:&quot;&quot;,&quot;fsgb_leaflet_map_marker_style&quot;:&quot;basic&quot;,&quot;fsgb_leaflet_map_marker_numbering&quot;:false,&quot;fsgb_leaflet_map_marker_color&quot;:&quot;&quot;,&quot;fsgb_leaflet_map_marker_picto&quot;:false,&quot;popup_content&quot;:&quot;\\t&lt;article class=\\&quot;card card--leaflet stretched-link\\&quot;&gt;\\n\\t\\t\\t\\t\\t&lt;figure class=\\&quot;card__thumbnail has-middleground-background-color\\&quot;&gt;\\n\\t\\t\\t\\t&lt;img width=\\&quot;600\\&quot; height=\\&quot;366\\&quot; src=\\&quot;https:\\\/\\\/www.toulouse-tourisme.com\\\/assets\\\/uploads\\\/sites\\\/3\\\/2023\\\/11\\\/visiter-toulouse-aeroscopia-600x366.jpg\\&quot; class=\\&quot;attachment-medium size-medium\\&quot; alt=\\&quot;Visiter Toulouse, capitale a\\u00e9ronautique\\&quot; srcset=\\&quot;https:\\\/\\\/www.toulouse-tourisme.com\\\/assets\\\/uploads\\\/sites\\\/3\\\/2023\\\/11\\\/visiter-toulouse-aeroscopia-600x366.jpg 600w, https:\\\/\\\/www.toulouse-tourisme.com\\\/assets\\\/uploads\\\/sites\\\/3\\\/2023\\\/11\\\/visiter-toulouse-aeroscopia-1200x732.jpg 1200w, https:\\\/\\\/www.toulouse-tourisme.com\\\/assets\\\/uploads\\\/sites\\\/3\\\/2023\\\/11\\\/visiter-toulouse-aeroscopia-400x244.jpg 400w, https:\\\/\\\/www.toulouse-tourisme.com\\\/assets\\\/uploads\\\/sites\\\/3\\\/2023\\\/11\\\/visiter-toulouse-aeroscopia-768x468.jpg 768w, https:\\\/\\\/www.toulouse-tourisme.com\\\/assets\\\/uploads\\\/sites\\\/3\\\/2023\\\/11\\\/visiter-toulouse-aeroscopia-1536x937.jpg 1536w, https:\\\/\\\/www.toulouse-tourisme.com\\\/assets\\\/uploads\\\/sites\\\/3\\\/2023\\\/11\\\/visiter-toulouse-aeroscopia.jpg 1920w\\&quot; sizes=\\&quot;(max-width: 600px) 100vw, 600px\\&quot; \\\/&gt;\\t\\t\\t&lt;\\\/figure&gt;\\n\\t\\t\\n\\t\\t&lt;div class=\\&quot;card__content\\&quot;&gt;\\n\\t\\t\\t\\t\\t\\t\\t&lt;h3&gt;\\n\\t\\t\\t\\t\\t\\t\\t\\t\\t\\t\\tAeroscopia\\t\\t\\t\\t\\t\\t\\t\\t\\t&lt;\\\/h3&gt;\\n\\t\\t\\t\\n\\t\\t\\t\\n\\t\\t\\t\\t\\t&lt;\\\/div&gt;\\n\\t&lt;\\\/article&gt;\\n&quot;,&quot;is_draggable&quot;:false},{&quot;fsgb_leaflet_map_marker_latitude&quot;:&quot;43.5866272&quot;,&quot;fsgb_leaflet_map_marker_longitude&quot;:&quot;1.4907818&quot;,&quot;fsgb_leaflet_map_marker_anchor&quot;:&quot;&quot;,&quot;fsgb_leaflet_map_marker_media&quot;:false,&quot;fsgb_leaflet_map_marker_title&quot;:&quot;Cit\\u00e9 de l&#039;espace&quot;,&quot;fsgb_leaflet_map_marker_text&quot;:&quot;&quot;,&quot;fsgb_leaflet_map_marker_link&quot;:&quot;&quot;,&quot;fsgb_leaflet_map_marker_style&quot;:&quot;basic&quot;,&quot;fsgb_leaflet_map_marker_numbering&quot;:false,&quot;fsgb_leaflet_map_marker_color&quot;:&quot;&quot;,&quot;fsgb_leaflet_map_marker_picto&quot;:false,&quot;popup_content&quot;:&quot;\\t&lt;article class=\\&quot;card card--leaflet stretched-link\\&quot;&gt;\\n\\t\\t\\n\\t\\t&lt;div class=\\&quot;card__content\\&quot;&gt;\\n\\t\\t\\t\\t\\t\\t\\t&lt;h3&gt;\\n\\t\\t\\t\\t\\t\\t\\t\\t\\t\\t\\tCit\\u00e9 de l&#039;espace\\t\\t\\t\\t\\t\\t\\t\\t\\t&lt;\\\/h3&gt;\\n\\t\\t\\t\\n\\t\\t\\t\\n\\t\\t\\t\\t\\t&lt;\\\/div&gt;\\n\\t&lt;\\\/article&gt;\\n&quot;,&quot;is_draggable&quot;:false},{&quot;fsgb_leaflet_map_marker_latitude&quot;:&quot;43.5948656&quot;,&quot;fsgb_leaflet_map_marker_longitude&quot;:&quot;1.4460078&quot;,&quot;fsgb_leaflet_map_marker_anchor&quot;:&quot;&quot;,&quot;fsgb_leaflet_map_marker_media&quot;:194341,&quot;fsgb_leaflet_map_marker_title&quot;:&quot;Quai des Savoirs&quot;,&quot;fsgb_leaflet_map_marker_text&quot;:&quot;&quot;,&quot;fsgb_leaflet_map_marker_link&quot;:&quot;&quot;,&quot;fsgb_leaflet_map_marker_style&quot;:&quot;basic&quot;,&quot;fsgb_leaflet_map_marker_numbering&quot;:false,&quot;fsgb_leaflet_map_marker_color&quot;:&quot;&quot;,&quot;fsgb_leaflet_map_marker_picto&quot;:false,&quot;popup_content&quot;:&quot;\\t&lt;article class=\\&quot;card card--leaflet stretched-link\\&quot;&gt;\\n\\t\\t\\t\\t\\t&lt;figure class=\\&quot;card__thumbnail has-middleground-background-color\\&quot;&gt;\\n\\t\\t\\t\\t&lt;img width=\\&quot;600\\&quot; height=\\&quot;865\\&quot; src=\\&quot;https:\\\/\\\/www.toulouse-tourisme.com\\\/assets\\\/uploads\\\/sites\\\/3\\\/2023\\\/11\\\/visiter-toulouse-quai-des-savoirs-600x865.jpg\\&quot; class=\\&quot;attachment-medium size-medium\\&quot; alt=\\&quot;Visiter Toulouse, le Quai des Savoirs\\&quot; srcset=\\&quot;https:\\\/\\\/www.toulouse-tourisme.com\\\/assets\\\/uploads\\\/sites\\\/3\\\/2023\\\/11\\\/visiter-toulouse-quai-des-savoirs-600x865.jpg 600w, https:\\\/\\\/www.toulouse-tourisme.com\\\/assets\\\/uploads\\\/sites\\\/3\\\/2023\\\/11\\\/visiter-toulouse-quai-des-savoirs-1200x1731.jpg 1200w, https:\\\/\\\/www.toulouse-tourisme.com\\\/assets\\\/uploads\\\/sites\\\/3\\\/2023\\\/11\\\/visiter-toulouse-quai-des-savoirs-400x577.jpg 400w, https:\\\/\\\/www.toulouse-tourisme.com\\\/assets\\\/uploads\\\/sites\\\/3\\\/2023\\\/11\\\/visiter-toulouse-quai-des-savoirs-768x1108.jpg 768w, https:\\\/\\\/www.toulouse-tourisme.com\\\/assets\\\/uploads\\\/sites\\\/3\\\/2023\\\/11\\\/visiter-toulouse-quai-des-savoirs-1065x1536.jpg 1065w, https:\\\/\\\/www.toulouse-tourisme.com\\\/assets\\\/uploads\\\/sites\\\/3\\\/2023\\\/11\\\/visiter-toulouse-quai-des-savoirs.jpg 1334w\\&quot; sizes=\\&quot;(max-width: 600px) 100vw, 600px\\&quot; \\\/&gt;\\t\\t\\t&lt;\\\/figure&gt;\\n\\t\\t\\n\\t\\t&lt;div class=\\&quot;card__content\\&quot;&gt;\\n\\t\\t\\t\\t\\t\\t\\t&lt;h3&gt;\\n\\t\\t\\t\\t\\t\\t\\t\\t\\t\\t\\tQuai des Savoirs\\t\\t\\t\\t\\t\\t\\t\\t\\t&lt;\\\/h3&gt;\\n\\t\\t\\t\\n\\t\\t\\t\\n\\t\\t\\t\\t\\t&lt;\\\/div&gt;\\n\\t&lt;\\\/article&gt;\\n&quot;,&quot;is_draggable&quot;:false},{&quot;fsgb_leaflet_map_marker_latitude&quot;:&quot;43.5968528&quot;,&quot;fsgb_leaflet_map_marker_longitude&quot;:&quot;1.4469246&quot;,&quot;fsgb_leaflet_map_marker_anchor&quot;:&quot;&quot;,&quot;fsgb_leaflet_map_marker_media&quot;:false,&quot;fsgb_leaflet_map_marker_title&quot;:&quot;Mus\\u00e9e Paul-Dupuy&quot;,&quot;fsgb_leaflet_map_marker_text&quot;:&quot;&quot;,&quot;fsgb_leaflet_map_marker_link&quot;:&quot;&quot;,&quot;fsgb_leaflet_map_marker_style&quot;:&quot;basic&quot;,&quot;fsgb_leaflet_map_marker_numbering&quot;:false,&quot;fsgb_leaflet_map_marker_color&quot;:&quot;&quot;,&quot;fsgb_leaflet_map_marker_picto&quot;:false,&quot;popup_content&quot;:&quot;\\t&lt;article class=\\&quot;card card--leaflet stretched-link\\&quot;&gt;\\n\\t\\t\\n\\t\\t&lt;div class=\\&quot;card__content\\&quot;&gt;\\n\\t\\t\\t\\t\\t\\t\\t&lt;h3&gt;\\n\\t\\t\\t\\t\\t\\t\\t\\t\\t\\t\\tMus\\u00e9e Paul-Dupuy\\t\\t\\t\\t\\t\\t\\t\\t\\t&lt;\\\/h3&gt;\\n\\t\\t\\t\\n\\t\\t\\t\\n\\t\\t\\t\\t\\t&lt;\\\/div&gt;\\n\\t&lt;\\\/article&gt;\\n&quot;,&quot;is_draggable&quot;:false},{&quot;fsgb_leaflet_map_marker_latitude&quot;:&quot;43.5888438&quot;,&quot;fsgb_leaflet_map_marker_longitude&quot;:&quot;1.4565639&quot;,&quot;fsgb_leaflet_map_marker_anchor&quot;:&quot;&quot;,&quot;fsgb_leaflet_map_marker_media&quot;:false,&quot;fsgb_leaflet_map_marker_title&quot;:&quot;Mus\\u00e9e d\\u00e9partemental de la R\\u00e9sistance et de la D\\u00e9portation &quot;,&quot;fsgb_leaflet_map_marker_text&quot;:&quot;&quot;,&quot;fsgb_leaflet_map_marker_link&quot;:&quot;&quot;,&quot;fsgb_leaflet_map_marker_style&quot;:&quot;basic&quot;,&quot;fsgb_leaflet_map_marker_numbering&quot;:false,&quot;fsgb_leaflet_map_marker_color&quot;:&quot;&quot;,&quot;fsgb_leaflet_map_marker_picto&quot;:false,&quot;popup_content&quot;:&quot;\\t&lt;article class=\\&quot;card card--leaflet stretched-link\\&quot;&gt;\\n\\t\\t\\n\\t\\t&lt;div class=\\&quot;card__content\\&quot;&gt;\\n\\t\\t\\t\\t\\t\\t\\t&lt;h3&gt;\\n\\t\\t\\t\\t\\t\\t\\t\\t\\t\\t\\tMus\\u00e9e d\\u00e9partemental de la R\\u00e9sistance et de la D\\u00e9portation \\t\\t\\t\\t\\t\\t\\t\\t\\t&lt;\\\/h3&gt;\\n\\t\\t\\t\\n\\t\\t\\t\\n\\t\\t\\t\\t\\t&lt;\\\/div&gt;\\n\\t&lt;\\\/article&gt;\\n&quot;,&quot;is_draggable&quot;:false},{&quot;fsgb_leaflet_map_marker_latitude&quot;:&quot;43.5917226&quot;,&quot;fsgb_leaflet_map_marker_longitude&quot;:&quot;1.4529909&quot;,&quot;fsgb_leaflet_map_marker_anchor&quot;:&quot;&quot;,&quot;fsgb_leaflet_map_marker_media&quot;:false,&quot;fsgb_leaflet_map_marker_title&quot;:&quot;Monument \\u00e0 la gloire de la R\\u00e9sistance&quot;,&quot;fsgb_leaflet_map_marker_text&quot;:&quot;&quot;,&quot;fsgb_leaflet_map_marker_link&quot;:&quot;&quot;,&quot;fsgb_leaflet_map_marker_style&quot;:&quot;basic&quot;,&quot;fsgb_leaflet_map_marker_numbering&quot;:false,&quot;fsgb_leaflet_map_marker_color&quot;:&quot;&quot;,&quot;fsgb_leaflet_map_marker_picto&quot;:false,&quot;popup_content&quot;:&quot;\\t&lt;article class=\\&quot;card card--leaflet stretched-link\\&quot;&gt;\\n\\t\\t\\n\\t\\t&lt;div class=\\&quot;card__content\\&quot;&gt;\\n\\t\\t\\t\\t\\t\\t\\t&lt;h3&gt;\\n\\t\\t\\t\\t\\t\\t\\t\\t\\t\\t\\tMonument \\u00e0 la gloire de la R\\u00e9sistance\\t\\t\\t\\t\\t\\t\\t\\t\\t&lt;\\\/h3&gt;\\n\\t\\t\\t\\n\\t\\t\\t\\n\\t\\t\\t\\t\\t&lt;\\\/div&gt;\\n\\t&lt;\\\/article&gt;\\n&quot;,&quot;is_draggable&quot;:false},{&quot;fsgb_leaflet_map_marker_latitude&quot;:&quot;43.5861662&quot;,&quot;fsgb_leaflet_map_marker_longitude&quot;:&quot;1.4473693&quot;,&quot;fsgb_leaflet_map_marker_anchor&quot;:&quot;&quot;,&quot;fsgb_leaflet_map_marker_media&quot;:false,&quot;fsgb_leaflet_map_marker_title&quot;:&quot;Castelet&quot;,&quot;fsgb_leaflet_map_marker_text&quot;:&quot;&quot;,&quot;fsgb_leaflet_map_marker_link&quot;:&quot;&quot;,&quot;fsgb_leaflet_map_marker_style&quot;:&quot;basic&quot;,&quot;fsgb_leaflet_map_marker_numbering&quot;:false,&quot;fsgb_leaflet_map_marker_color&quot;:&quot;&quot;,&quot;fsgb_leaflet_map_marker_picto&quot;:false,&quot;popup_content&quot;:&quot;\\t&lt;article class=\\&quot;card card--leaflet stretched-link\\&quot;&gt;\\n\\t\\t\\n\\t\\t&lt;div class=\\&quot;card__content\\&quot;&gt;\\n\\t\\t\\t\\t\\t\\t\\t&lt;h3&gt;\\n\\t\\t\\t\\t\\t\\t\\t\\t\\t\\t\\tCastelet\\t\\t\\t\\t\\t\\t\\t\\t\\t&lt;\\\/h3&gt;\\n\\t\\t\\t\\n\\t\\t\\t\\n\\t\\t\\t\\t\\t&lt;\\\/div&gt;\\n\\t&lt;\\\/article&gt;\\n&quot;,&quot;is_draggable&quot;:false}],&quot;iconSize&quot;:[38,46],&quot;iconAnchor&quot;:[19,39],&quot;popupAnchor&quot;:[0,-39],&quot;marker_html&quot;:&quot;&lt;svg xmlns=\\&quot;http:\\\/\\\/www.w3.org\\\/2000\\\/svg\\&quot; width=\\&quot;38\\&quot; height=\\&quot;46\\&quot; fill=\\&quot;none\\&quot;&gt;&lt;path d=\\&quot;M26.997 34.163c2.236.487 4.117 1.156 5.429 1.99.41.26.756.53 1.017.821.178.198.334.382.334.603 0 .219-.154.4-.33.598-.411.46-1.026.872-1.781 1.257-2.855 1.457-7.47 2.356-12.667 2.356-5.194 0-9.81-.899-12.665-2.356-.756-.386-1.37-.796-1.782-1.257-.175-.198-.33-.38-.33-.598 0-.221.157-.405.335-.603.26-.29.608-.562 1.017-.82 1.311-.835 3.193-1.505 5.429-1.991a2.107 2.107 0 001.615-2.504 2.114 2.114 0 00-2.513-1.61c-3.426.743-6.159 1.924-7.814 3.28C.737 34.601 0 36.088 0 37.577c0 1.623.889 3.26 2.76 4.61C5.809 44.384 11.925 46 18.999 46c7.076 0 13.192-1.615 16.241-3.814 1.87-1.35 2.76-2.986 2.76-4.61 0-1.488-.737-2.975-2.29-4.247-1.656-1.356-4.389-2.537-7.816-3.28a2.114 2.114 0 00-2.512 1.61 2.107 2.107 0 001.615 2.504z\\&quot; clip-rule=\\&quot;evenodd\\&quot; fill-opacity=\\&quot;.3\\&quot;\\\/&gt;&lt;path d=\\&quot;M8.356 10.54C8.356 4.72 13.12 0 19 0c5.879 0 10.644 4.72 10.644 10.54 0 5.1-3.657 9.354-8.515 10.33v16.022A2.12 2.12 0 0119 39a2.12 2.12 0 01-2.129-2.108V20.87c-4.858-.976-8.515-5.23-8.515-10.33z\\&quot;\\\/&gt;&lt;\\\/svg&gt;&quot;,&quot;marker_html_color&quot;:&quot;&quot;,&quot;has_theme_template&quot;:true,&quot;trace&quot;:false,&quot;trace_color&quot;:null,&quot;trace_shape&quot;:null,&quot;trace_opacity&quot;:null,&quot;is_admin&quot;:false}'>\n\t<\/div>\n<\/div>\n","protected":false},"excerpt":{"rendered":"<p>I musei d&#8217;arte e di storia Fate un salto indietro nel tempo al museo Saint-Raymond, il museo archeologico di Tolosa. Accanto alla basilica di Saint-Sernin, questo affascinante museo con il suo piccolo giardino ha sede in un antico collegio universitario del XVI secolo. E se \u00e8 rivolto al passato storico della citt\u00e0 rosa, \u00e8 decisamente [&hellip;]<\/p>\n","protected":false},"author":3,"featured_media":194352,"parent":196159,"menu_order":0,"comment_status":"closed","ping_status":"closed","template":"templates\/magazine.php","meta":{"_acf_changed":false,"footnotes":""},"class_list":["post-202169","page","type-page","status-publish","has-post-thumbnail","hentry"],"acf":[],"yoast_head":"<!-- This site is optimized with the Yoast SEO plugin v27.1.1 - https:\/\/yoast.com\/product\/yoast-seo-wordpress\/ -->\n<title>Musei e luoghi espositivi - Toulouse Tourisme<\/title>\n<meta name=\"description\" content=\"Tolosa \u00e8 una citt\u00e0 ricca di arte e cultura. Venite a visitare i musei e le mostre con tematiche molto diverse tra loro.\" \/>\n<meta name=\"robots\" content=\"index, follow, max-snippet:-1, max-image-preview:large, max-video-preview:-1\" \/>\n<link rel=\"canonical\" href=\"https:\/\/www.toulouse-tourisme.com\/it\/da-vedere-da-fare\/musei-e-luoghi-espositivi\/\" \/>\n<meta property=\"og:locale\" content=\"it_IT\" \/>\n<meta property=\"og:type\" content=\"article\" \/>\n<meta property=\"og:title\" content=\"Musei e luoghi espositivi - Toulouse Tourisme\" \/>\n<meta property=\"og:description\" content=\"Tolosa \u00e8 una citt\u00e0 ricca di arte e cultura. Venite a visitare i musei e le mostre con tematiche molto diverse tra loro.\" \/>\n<meta property=\"og:url\" content=\"https:\/\/www.toulouse-tourisme.com\/it\/da-vedere-da-fare\/musei-e-luoghi-espositivi\/\" \/>\n<meta property=\"og:site_name\" content=\"Toulouse Tourisme\" \/>\n<meta property=\"article:publisher\" content=\"https:\/\/www.facebook.com\/Toulouse.tourisme\/\" \/>\n<meta property=\"article:modified_time\" content=\"2026-03-17T14:47:27+00:00\" \/>\n<meta property=\"og:image\" content=\"https:\/\/www.toulouse-tourisme.com\/assets\/uploads\/sites\/3\/2023\/11\/visiter-toulouse-musee-des-abattoirs.jpg\" \/>\n\t<meta property=\"og:image:width\" content=\"1920\" \/>\n\t<meta property=\"og:image:height\" content=\"1343\" \/>\n\t<meta property=\"og:image:type\" content=\"image\/jpeg\" \/>\n<meta name=\"twitter:card\" content=\"summary_large_image\" \/>\n<meta name=\"twitter:label1\" content=\"Tempo di lettura stimato\" \/>\n\t<meta name=\"twitter:data1\" content=\"6 minuti\" \/>\n<script type=\"application\/ld+json\" class=\"yoast-schema-graph\">{\"@context\":\"https:\/\/schema.org\",\"@graph\":[{\"@type\":\"WebPage\",\"@id\":\"https:\/\/www.toulouse-tourisme.com\/it\/da-vedere-da-fare\/musei-e-luoghi-espositivi\/\",\"url\":\"https:\/\/www.toulouse-tourisme.com\/it\/da-vedere-da-fare\/musei-e-luoghi-espositivi\/\",\"name\":\"Musei e luoghi espositivi - Toulouse Tourisme\",\"isPartOf\":{\"@id\":\"https:\/\/www.toulouse-tourisme.com\/it\/#website\"},\"primaryImageOfPage\":{\"@id\":\"https:\/\/www.toulouse-tourisme.com\/it\/da-vedere-da-fare\/musei-e-luoghi-espositivi\/#primaryimage\"},\"image\":{\"@id\":\"https:\/\/www.toulouse-tourisme.com\/it\/da-vedere-da-fare\/musei-e-luoghi-espositivi\/#primaryimage\"},\"thumbnailUrl\":\"https:\/\/www.toulouse-tourisme.com\/assets\/uploads\/sites\/3\/2023\/11\/visiter-toulouse-musee-des-abattoirs.jpg\",\"datePublished\":\"2023-11-27T09:56:38+00:00\",\"dateModified\":\"2026-03-17T14:47:27+00:00\",\"description\":\"Tolosa \u00e8 una citt\u00e0 ricca di arte e cultura. Venite a visitare i musei e le mostre con tematiche molto diverse tra loro.\",\"breadcrumb\":{\"@id\":\"https:\/\/www.toulouse-tourisme.com\/it\/da-vedere-da-fare\/musei-e-luoghi-espositivi\/#breadcrumb\"},\"inLanguage\":\"it-IT\",\"potentialAction\":[{\"@type\":\"ReadAction\",\"target\":[\"https:\/\/www.toulouse-tourisme.com\/it\/da-vedere-da-fare\/musei-e-luoghi-espositivi\/\"]}]},{\"@type\":\"ImageObject\",\"inLanguage\":\"it-IT\",\"@id\":\"https:\/\/www.toulouse-tourisme.com\/it\/da-vedere-da-fare\/musei-e-luoghi-espositivi\/#primaryimage\",\"url\":\"https:\/\/www.toulouse-tourisme.com\/assets\/uploads\/sites\/3\/2023\/11\/visiter-toulouse-musee-des-abattoirs.jpg\",\"contentUrl\":\"https:\/\/www.toulouse-tourisme.com\/assets\/uploads\/sites\/3\/2023\/11\/visiter-toulouse-musee-des-abattoirs.jpg\",\"width\":1920,\"height\":1343},{\"@type\":\"BreadcrumbList\",\"@id\":\"https:\/\/www.toulouse-tourisme.com\/it\/da-vedere-da-fare\/musei-e-luoghi-espositivi\/#breadcrumb\",\"itemListElement\":[{\"@type\":\"ListItem\",\"position\":1,\"name\":\"Homepage\",\"item\":\"https:\/\/www.toulouse-tourisme.com\/it\/\"},{\"@type\":\"ListItem\",\"position\":2,\"name\":\"Da vedere, da fare\",\"item\":\"https:\/\/www.toulouse-tourisme.com\/it\/da-vedere-da-fare\/\"},{\"@type\":\"ListItem\",\"position\":3,\"name\":\"Musei e luoghi espositivi\"}]},{\"@type\":\"WebSite\",\"@id\":\"https:\/\/www.toulouse-tourisme.com\/it\/#website\",\"url\":\"https:\/\/www.toulouse-tourisme.com\/it\/\",\"name\":\"Toulouse Tourisme\",\"description\":\"\",\"publisher\":{\"@id\":\"https:\/\/www.toulouse-tourisme.com\/it\/#organization\"},\"potentialAction\":[{\"@type\":\"SearchAction\",\"target\":{\"@type\":\"EntryPoint\",\"urlTemplate\":\"https:\/\/www.toulouse-tourisme.com\/it\/?s={search_term_string}\"},\"query-input\":{\"@type\":\"PropertyValueSpecification\",\"valueRequired\":true,\"valueName\":\"search_term_string\"}}],\"inLanguage\":\"it-IT\"},{\"@type\":\"Organization\",\"@id\":\"https:\/\/www.toulouse-tourisme.com\/it\/#organization\",\"name\":\"Toulouse Tourisme\",\"url\":\"https:\/\/www.toulouse-tourisme.com\/it\/\",\"logo\":{\"@type\":\"ImageObject\",\"inLanguage\":\"it-IT\",\"@id\":\"https:\/\/www.toulouse-tourisme.com\/it\/#\/schema\/logo\/image\/\",\"url\":\"https:\/\/www.toulouse-tourisme.com\/assets\/uploads\/sites\/3\/2023\/10\/toulouse.svg\",\"contentUrl\":\"https:\/\/www.toulouse-tourisme.com\/assets\/uploads\/sites\/3\/2023\/10\/toulouse.svg\",\"width\":220,\"height\":61,\"caption\":\"Toulouse Tourisme\"},\"image\":{\"@id\":\"https:\/\/www.toulouse-tourisme.com\/it\/#\/schema\/logo\/image\/\"},\"sameAs\":[\"https:\/\/www.facebook.com\/Toulouse.tourisme\/\",\"https:\/\/www.instagram.com\/visiteztoulouse\/\",\"https:\/\/www.youtube.com\/@VisitezToulouse\",\"https:\/\/fr.pinterest.com\/visiteztoulouse\/\"]}]}<\/script>\n<!-- \/ Yoast SEO plugin. -->","yoast_head_json":{"title":"Musei e luoghi espositivi - Toulouse Tourisme","description":"Tolosa \u00e8 una citt\u00e0 ricca di arte e cultura. Venite a visitare i musei e le mostre con tematiche molto diverse tra loro.","robots":{"index":"index","follow":"follow","max-snippet":"max-snippet:-1","max-image-preview":"max-image-preview:large","max-video-preview":"max-video-preview:-1"},"canonical":"https:\/\/www.toulouse-tourisme.com\/it\/da-vedere-da-fare\/musei-e-luoghi-espositivi\/","og_locale":"it_IT","og_type":"article","og_title":"Musei e luoghi espositivi - Toulouse Tourisme","og_description":"Tolosa \u00e8 una citt\u00e0 ricca di arte e cultura. Venite a visitare i musei e le mostre con tematiche molto diverse tra loro.","og_url":"https:\/\/www.toulouse-tourisme.com\/it\/da-vedere-da-fare\/musei-e-luoghi-espositivi\/","og_site_name":"Toulouse Tourisme","article_publisher":"https:\/\/www.facebook.com\/Toulouse.tourisme\/","article_modified_time":"2026-03-17T14:47:27+00:00","og_image":[{"width":1920,"height":1343,"url":"https:\/\/www.toulouse-tourisme.com\/assets\/uploads\/sites\/3\/2023\/11\/visiter-toulouse-musee-des-abattoirs.jpg","type":"image\/jpeg"}],"twitter_card":"summary_large_image","twitter_misc":{"Tempo di lettura stimato":"6 minuti"},"schema":{"@context":"https:\/\/schema.org","@graph":[{"@type":"WebPage","@id":"https:\/\/www.toulouse-tourisme.com\/it\/da-vedere-da-fare\/musei-e-luoghi-espositivi\/","url":"https:\/\/www.toulouse-tourisme.com\/it\/da-vedere-da-fare\/musei-e-luoghi-espositivi\/","name":"Musei e luoghi espositivi - Toulouse Tourisme","isPartOf":{"@id":"https:\/\/www.toulouse-tourisme.com\/it\/#website"},"primaryImageOfPage":{"@id":"https:\/\/www.toulouse-tourisme.com\/it\/da-vedere-da-fare\/musei-e-luoghi-espositivi\/#primaryimage"},"image":{"@id":"https:\/\/www.toulouse-tourisme.com\/it\/da-vedere-da-fare\/musei-e-luoghi-espositivi\/#primaryimage"},"thumbnailUrl":"https:\/\/www.toulouse-tourisme.com\/assets\/uploads\/sites\/3\/2023\/11\/visiter-toulouse-musee-des-abattoirs.jpg","datePublished":"2023-11-27T09:56:38+00:00","dateModified":"2026-03-17T14:47:27+00:00","description":"Tolosa \u00e8 una citt\u00e0 ricca di arte e cultura. Venite a visitare i musei e le mostre con tematiche molto diverse tra loro.","breadcrumb":{"@id":"https:\/\/www.toulouse-tourisme.com\/it\/da-vedere-da-fare\/musei-e-luoghi-espositivi\/#breadcrumb"},"inLanguage":"it-IT","potentialAction":[{"@type":"ReadAction","target":["https:\/\/www.toulouse-tourisme.com\/it\/da-vedere-da-fare\/musei-e-luoghi-espositivi\/"]}]},{"@type":"ImageObject","inLanguage":"it-IT","@id":"https:\/\/www.toulouse-tourisme.com\/it\/da-vedere-da-fare\/musei-e-luoghi-espositivi\/#primaryimage","url":"https:\/\/www.toulouse-tourisme.com\/assets\/uploads\/sites\/3\/2023\/11\/visiter-toulouse-musee-des-abattoirs.jpg","contentUrl":"https:\/\/www.toulouse-tourisme.com\/assets\/uploads\/sites\/3\/2023\/11\/visiter-toulouse-musee-des-abattoirs.jpg","width":1920,"height":1343},{"@type":"BreadcrumbList","@id":"https:\/\/www.toulouse-tourisme.com\/it\/da-vedere-da-fare\/musei-e-luoghi-espositivi\/#breadcrumb","itemListElement":[{"@type":"ListItem","position":1,"name":"Homepage","item":"https:\/\/www.toulouse-tourisme.com\/it\/"},{"@type":"ListItem","position":2,"name":"Da vedere, da fare","item":"https:\/\/www.toulouse-tourisme.com\/it\/da-vedere-da-fare\/"},{"@type":"ListItem","position":3,"name":"Musei e luoghi espositivi"}]},{"@type":"WebSite","@id":"https:\/\/www.toulouse-tourisme.com\/it\/#website","url":"https:\/\/www.toulouse-tourisme.com\/it\/","name":"Toulouse Tourisme","description":"","publisher":{"@id":"https:\/\/www.toulouse-tourisme.com\/it\/#organization"},"potentialAction":[{"@type":"SearchAction","target":{"@type":"EntryPoint","urlTemplate":"https:\/\/www.toulouse-tourisme.com\/it\/?s={search_term_string}"},"query-input":{"@type":"PropertyValueSpecification","valueRequired":true,"valueName":"search_term_string"}}],"inLanguage":"it-IT"},{"@type":"Organization","@id":"https:\/\/www.toulouse-tourisme.com\/it\/#organization","name":"Toulouse Tourisme","url":"https:\/\/www.toulouse-tourisme.com\/it\/","logo":{"@type":"ImageObject","inLanguage":"it-IT","@id":"https:\/\/www.toulouse-tourisme.com\/it\/#\/schema\/logo\/image\/","url":"https:\/\/www.toulouse-tourisme.com\/assets\/uploads\/sites\/3\/2023\/10\/toulouse.svg","contentUrl":"https:\/\/www.toulouse-tourisme.com\/assets\/uploads\/sites\/3\/2023\/10\/toulouse.svg","width":220,"height":61,"caption":"Toulouse Tourisme"},"image":{"@id":"https:\/\/www.toulouse-tourisme.com\/it\/#\/schema\/logo\/image\/"},"sameAs":["https:\/\/www.facebook.com\/Toulouse.tourisme\/","https:\/\/www.instagram.com\/visiteztoulouse\/","https:\/\/www.youtube.com\/@VisitezToulouse","https:\/\/fr.pinterest.com\/visiteztoulouse\/"]}]}},"_links":{"self":[{"href":"https:\/\/www.toulouse-tourisme.com\/it\/wp-json\/wp\/v2\/pages\/202169","targetHints":{"allow":["GET"]}}],"collection":[{"href":"https:\/\/www.toulouse-tourisme.com\/it\/wp-json\/wp\/v2\/pages"}],"about":[{"href":"https:\/\/www.toulouse-tourisme.com\/it\/wp-json\/wp\/v2\/types\/page"}],"author":[{"embeddable":true,"href":"https:\/\/www.toulouse-tourisme.com\/it\/wp-json\/wp\/v2\/users\/3"}],"replies":[{"embeddable":true,"href":"https:\/\/www.toulouse-tourisme.com\/it\/wp-json\/wp\/v2\/comments?post=202169"}],"version-history":[{"count":0,"href":"https:\/\/www.toulouse-tourisme.com\/it\/wp-json\/wp\/v2\/pages\/202169\/revisions"}],"up":[{"embeddable":true,"href":"https:\/\/www.toulouse-tourisme.com\/it\/wp-json\/wp\/v2\/pages\/196159"}],"wp:featuredmedia":[{"embeddable":true,"href":"https:\/\/www.toulouse-tourisme.com\/it\/wp-json\/wp\/v2\/media\/194352"}],"wp:attachment":[{"href":"https:\/\/www.toulouse-tourisme.com\/it\/wp-json\/wp\/v2\/media?parent=202169"}],"curies":[{"name":"wp","href":"https:\/\/api.w.org\/{rel}","templated":true}]}}