{"id":12436,"date":"2023-10-10T14:55:37","date_gmt":"2023-10-10T12:55:37","guid":{"rendered":"https:\/\/www.toulouse-tourisme.com\/venir-a-toulouse\/"},"modified":"2025-07-18T16:01:48","modified_gmt":"2025-07-18T14:01:48","slug":"llegar-en-toulouse","status":"publish","type":"page","link":"https:\/\/www.toulouse-tourisme.com\/es\/prepara-tu-estancia\/llegar-en-toulouse\/","title":{"rendered":"Llegar en Toulouse"},"content":{"rendered":"\n<div class=\"wp-block-group has-global-padding is-layout-constrained wp-block-group-is-layout-constrained\">\n<p>\u00bfC\u00f3mo llegar a Toulouse? Llegar en avi\u00f3n, en coche, en tren\u2026 encuentre aqu\u00ed todos los medios de transporte para venir a Toulouse.<\/p>\n\n\n\n<h3 class=\"wp-block-heading\">Encuentra el itinerario ideal<\/h3>\n\n\n\n<p>Vuelo, tren, autob\u00fas, ferry, coche compartido: con una oferta de transporte cada vez m\u00e1s importante en Europa, \u00a1puedes perderte f\u00e1cilmente!<\/p>\n\n\n\n<p>Especifica tu ciudad de salida para tu viaje a Toulouse:<\/p>\n\n\n\n<div id=\"vivanoda-box\">&nbsp;<\/div>\n\n<div id=\"VNSBpoweredby\">fourni par <b><a href=\"http:\/\/www.vivanoda.fr\" target=\"_blank\" rel=\"noopener\">vivanoda<\/a><\/b><\/div>\n<script type='text\/javascript'>\n\t\t\tvar VNSB_style = {'colorFontBox':'#333','widthBox':'100%','heightBox':'','inputBorder':'2px solid #AE007C'},\n\t\t\tVNSB_dest = {'city':'Toulouse', 'cty':'France','cc':'fr','id':10685},\n\t\t\tvn_language = 'es';\n\t\t\tvar vnjslist=['https:\/\/ajax.googleapis.com\/ajax\/libs\/jquery\/1.10.2\/jquery.min.js',\n\t\t\t'https:\/\/ajax.googleapis.com\/ajax\/libs\/jqueryui\/1.10.3\/jquery-ui.min.js',\n\t\t\t'https:\/\/www.vivanoda.fr\/widget\/widget-box-2.0.js'];\n\t\t\tfor(var vnx=0;vnx<vnjslist.length;vnx++){ var g = document.createElement('script'); g.src = vnjslist[vnx];g.async = false;\n\t\t\tvar div = document.getElementById('VNSBpoweredby'); div.parentNode.insertBefore(g, div.nextSibling);}\n\t\t<\/script>\n<\/div>\n\n\n\n<div class=\"wp-block-group has-global-padding is-layout-constrained wp-block-group-is-layout-constrained\">\n<div class=\"wp-block-columns is-layout-flex wp-container-core-columns-is-layout-28f84493 wp-block-columns-is-layout-flex\">\n<div class=\"wp-block-column is-vertically-aligned-center is-layout-flow wp-block-column-is-layout-flow\">\n<h2 class=\"wp-block-heading\">En avi\u00f3n<\/h2>\n\n\n\n<h3 class=\"wp-block-heading\">Aeropuerto Toulouse-Blagnac<\/h3>\n\n\n\n<p>El aeropuerto de Toulouse-Blagnac ofrece numerosos vuelos directos desde Francia y el extranjero.<\/p>\n\n\n\n<p><strong>Informaci\u00f3n vuelos \u2013 compa\u00f1\u00edas a\u00e9reas - aparcamientos<\/strong><br>Tel: +33 (0) 825 380 000 (0,18 \u20ac\/min)<\/p>\n\n\n\n<div class=\"wp-block-buttons is-layout-flex wp-block-buttons-is-layout-flex\">\n<div class=\"wp-block-button\"><a class=\"wp-block-button__link wp-element-button\" href=\"https:\/\/www.toulouse.aeroport.fr\" target=\"_blank\" rel=\"noreferrer noopener\">Aeropuerto Toulouse-Blagnac<\/a><\/div>\n<\/div>\n<\/div>\n\n\n\n<div class=\"wp-block-column is-vertically-aligned-center is-layout-flow wp-block-column-is-layout-flow\">\n<figure data-wp-context=\"{&quot;imageId&quot;:&quot;69f2ac121447b&quot;}\" data-wp-interactive=\"core\/image\" data-wp-key=\"69f2ac121447b\" class=\"wp-block-image size-large wp-lightbox-container\"><img decoding=\"async\" width=\"1200\" height=\"832\" data-wp-class--hide=\"state.isContentHidden\" data-wp-class--show=\"state.isContentVisible\" data-wp-init=\"callbacks.setButtonStyles\" data-wp-on--click=\"actions.showLightbox\" data-wp-on--load=\"callbacks.setButtonStyles\" data-wp-on-window--resize=\"callbacks.setButtonStyles\" src=\"https:\/\/www.toulouse-tourisme.com\/assets\/uploads\/sites\/3\/2023\/12\/aeroport-toulouse-blagnac-1200x832.jpg\" alt=\"A\u00e9roport Toulouse Blagnac\" class=\"wp-image-7303\" srcset=\"https:\/\/www.toulouse-tourisme.com\/assets\/uploads\/sites\/3\/2023\/12\/aeroport-toulouse-blagnac-1200x832.jpg 1200w, https:\/\/www.toulouse-tourisme.com\/assets\/uploads\/sites\/3\/2023\/12\/aeroport-toulouse-blagnac-600x416.jpg 600w, https:\/\/www.toulouse-tourisme.com\/assets\/uploads\/sites\/3\/2023\/12\/aeroport-toulouse-blagnac-400x277.jpg 400w, https:\/\/www.toulouse-tourisme.com\/assets\/uploads\/sites\/3\/2023\/12\/aeroport-toulouse-blagnac-768x532.jpg 768w, https:\/\/www.toulouse-tourisme.com\/assets\/uploads\/sites\/3\/2023\/12\/aeroport-toulouse-blagnac-1536x1065.jpg 1536w, https:\/\/www.toulouse-tourisme.com\/assets\/uploads\/sites\/3\/2023\/12\/aeroport-toulouse-blagnac.jpg 1920w\" sizes=\"(max-width: 1200px) 100vw, 1200px\" \/><button\n\t\t\tclass=\"lightbox-trigger\"\n\t\t\ttype=\"button\"\n\t\t\taria-haspopup=\"dialog\"\n\t\t\taria-label=\"Agrandar\"\n\t\t\tdata-wp-init=\"callbacks.initTriggerButton\"\n\t\t\tdata-wp-on--click=\"actions.showLightbox\"\n\t\t\tdata-wp-style--right=\"state.imageButtonRight\"\n\t\t\tdata-wp-style--top=\"state.imageButtonTop\"\n\t\t>\n\t\t\t<svg xmlns=\"http:\/\/www.w3.org\/2000\/svg\" width=\"12\" height=\"12\" fill=\"none\" viewBox=\"0 0 12 12\">\n\t\t\t\t<path fill=\"#fff\" d=\"M2 0a2 2 0 0 0-2 2v2h1.5V2a.5.5 0 0 1 .5-.5h2V0H2Zm2 10.5H2a.5.5 0 0 1-.5-.5V8H0v2a2 2 0 0 0 2 2h2v-1.5ZM8 12v-1.5h2a.5.5 0 0 0 .5-.5V8H12v2a2 2 0 0 1-2 2H8Zm2-12a2 2 0 0 1 2 2v2h-1.5V2a.5.5 0 0 0-.5-.5H8V0h2Z\" \/>\n\t\t\t<\/svg>\n\t\t<\/button><figcaption class=\"wp-element-caption\">A\u00e9roport Toulouse Blagnac \u00a9 Nathalie Casado<\/figcaption><\/figure>\n<\/div>\n<\/div>\n<\/div>\n\n\n\n<div class=\"wp-block-group has-global-padding is-layout-constrained wp-block-group-is-layout-constrained\">\n<h4 class=\"wp-block-heading\">\u00bfC\u00f3mo llegar a Toulouse desde el aeropuerto o c\u00f3mo llegar al aeropuerto?<\/h4>\n\n\n\n<p>El aeropuerto internacional de Toulouse-Blagnac est\u00e1 id\u00f3neamente ubicado a s\u00f3lo 8 km al oeste de Toulouse. Los accesos son f\u00e1ciles gracias a los transportes p\u00fablicos y los taxis.<\/p>\n\n\n\n<p><strong>Autob\u00fas Tiss\u00e9o: aeropuerto \u2013 estaci\u00f3n de autobuses<\/strong><br>Este autob\u00fas funciona todos los d\u00edas excepto el 1\u00ba de mayo; sale cada 20 minutos. Duraci\u00f3n del trayecto: entre 20 y 45 minutos seg\u00fan tr\u00e1fico.<br><strong>Rutas de autob\u00fas<\/strong><br>Las l\u00edneas de autob\u00fas 30 y 31 de los tranv\u00edas \"Odyssud\", \"Pasteur-Mairie de Blagnac\" y \"Guyenne-Berry\" paran en Blagnac.<br><strong>Taxi<\/strong><br>Central de llamadas para reservar un taxi marcando el +33 (0)5 61 30 02 54.<\/p>\n\n\n\n<div class=\"wp-block-buttons is-layout-flex wp-block-buttons-is-layout-flex\">\n<div class=\"wp-block-button is-style-outline is-style-outline--1\"><a class=\"wp-block-button__link wp-element-button\" href=\"https:\/\/www.toulouse.aeroport.fr\/transports-et-acces\" target=\"_blank\" rel=\"noreferrer noopener\">Transporte al aeropuerto<\/a><\/div>\n<\/div>\n<\/div>\n\n\n\n<div class=\"wp-block-group has-global-padding is-layout-constrained wp-block-group-is-layout-constrained\">\n<div class=\"wp-block-columns is-layout-flex wp-container-core-columns-is-layout-28f84493 wp-block-columns-is-layout-flex\">\n<div class=\"wp-block-column is-vertically-aligned-center is-layout-flow wp-block-column-is-layout-flow\">\n<figure data-wp-context=\"{&quot;imageId&quot;:&quot;69f2ac12155dc&quot;}\" data-wp-interactive=\"core\/image\" data-wp-key=\"69f2ac12155dc\" class=\"wp-block-image size-large wp-lightbox-container\"><img decoding=\"async\" width=\"1200\" height=\"800\" data-wp-class--hide=\"state.isContentHidden\" data-wp-class--show=\"state.isContentVisible\" data-wp-init=\"callbacks.setButtonStyles\" data-wp-on--click=\"actions.showLightbox\" data-wp-on--load=\"callbacks.setButtonStyles\" data-wp-on-window--resize=\"callbacks.setButtonStyles\" src=\"https:\/\/www.toulouse-tourisme.com\/assets\/uploads\/sites\/3\/2023\/12\/gare-de-toulouse-matabiau-1200x800.jpg\" alt=\"Gare de Toulouse-Matabiau\" class=\"wp-image-7307\" srcset=\"https:\/\/www.toulouse-tourisme.com\/assets\/uploads\/sites\/3\/2023\/12\/gare-de-toulouse-matabiau-1200x800.jpg 1200w, https:\/\/www.toulouse-tourisme.com\/assets\/uploads\/sites\/3\/2023\/12\/gare-de-toulouse-matabiau-600x400.jpg 600w, https:\/\/www.toulouse-tourisme.com\/assets\/uploads\/sites\/3\/2023\/12\/gare-de-toulouse-matabiau-400x267.jpg 400w, https:\/\/www.toulouse-tourisme.com\/assets\/uploads\/sites\/3\/2023\/12\/gare-de-toulouse-matabiau-768x512.jpg 768w, https:\/\/www.toulouse-tourisme.com\/assets\/uploads\/sites\/3\/2023\/12\/gare-de-toulouse-matabiau-1536x1024.jpg 1536w, https:\/\/www.toulouse-tourisme.com\/assets\/uploads\/sites\/3\/2023\/12\/gare-de-toulouse-matabiau.jpg 1920w\" sizes=\"(max-width: 1200px) 100vw, 1200px\" \/><button\n\t\t\tclass=\"lightbox-trigger\"\n\t\t\ttype=\"button\"\n\t\t\taria-haspopup=\"dialog\"\n\t\t\taria-label=\"Agrandar\"\n\t\t\tdata-wp-init=\"callbacks.initTriggerButton\"\n\t\t\tdata-wp-on--click=\"actions.showLightbox\"\n\t\t\tdata-wp-style--right=\"state.imageButtonRight\"\n\t\t\tdata-wp-style--top=\"state.imageButtonTop\"\n\t\t>\n\t\t\t<svg xmlns=\"http:\/\/www.w3.org\/2000\/svg\" width=\"12\" height=\"12\" fill=\"none\" viewBox=\"0 0 12 12\">\n\t\t\t\t<path fill=\"#fff\" d=\"M2 0a2 2 0 0 0-2 2v2h1.5V2a.5.5 0 0 1 .5-.5h2V0H2Zm2 10.5H2a.5.5 0 0 1-.5-.5V8H0v2a2 2 0 0 0 2 2h2v-1.5ZM8 12v-1.5h2a.5.5 0 0 0 .5-.5V8H12v2a2 2 0 0 1-2 2H8Zm2-12a2 2 0 0 1 2 2v2h-1.5V2a.5.5 0 0 0-.5-.5H8V0h2Z\" \/>\n\t\t\t<\/svg>\n\t\t<\/button><figcaption class=\"wp-element-caption\">Gare de Toulouse-Matabiau \u00a9 Remi Deligeon<\/figcaption><\/figure>\n<\/div>\n\n\n\n<div class=\"wp-block-column is-vertically-aligned-center is-layout-flow wp-block-column-is-layout-flow\">\n<h2 class=\"wp-block-heading\">En tren<\/h2>\n\n\n\n<p><strong>La estaci\u00f3n de trenes de Toulouse-Matabiau<\/strong> est\u00e1 en el centro de la ciudad, a 10 minutos a pie de la plaza del Capitole. Al salir de la estaci\u00f3n, enfrente, el canal du Midi le acoge a su llegada a Toulouse.<\/p>\n\n\n\n<p>El acceso subterr\u00e1neo entre la estaci\u00f3n Matabiau y la estaci\u00f3n de metro Matabiau-SNCF se cerrar\u00e1 de junio de 2025 a junio de 2026. Anticipe la hora de su viaje para coger el tren:&nbsp;<a href=\"https:\/\/tisseo-collectivites.fr\/actualites\/fermeture-du-passage-souterrain-reliant-la-station-de-metro-marengo-la-gare-toulouse\" target=\"_blank\" rel=\"noreferrer noopener\">m\u00e1s informaci\u00f3n<\/a><\/p>\n\n\n\n<p><strong>Informaci\u00f3n de la estaci\u00f3n:<\/strong><br>64 boulevard Pierre S\u00e9mard - 31000 Toulouse.<br>Tel: 36 35 o, desde el extranjero, marcando el 00\u00a033\u00a01\u00a084\u00a094\u00a036\u00a035.<\/p>\n\n\n\n<div class=\"wp-block-buttons is-layout-flex wp-block-buttons-is-layout-flex\">\n<div class=\"wp-block-button\"><a class=\"wp-block-button__link wp-element-button\" href=\"https:\/\/www.sncf.com\/fr\" target=\"_blank\" rel=\"noreferrer noopener\">SNCF<\/a><\/div>\n\n\n\n<div class=\"wp-block-button\"><a class=\"wp-block-button__link wp-element-button\" href=\"https:\/\/www.ter.sncf.com\/occitanie\/se-deplacer\/gares\/toulouse-matabiau-87611004\" target=\"_blank\" rel=\"noreferrer noopener\"><strong>Estaci\u00f3n<\/strong> Toulouse-Matabiau<\/a><\/div>\n<\/div>\n<\/div>\n<\/div>\n<\/div>\n\n\n\n<div class=\"wp-block-group has-global-padding is-layout-constrained wp-block-group-is-layout-constrained\">\n<div class=\"wp-block-columns is-layout-flex wp-container-core-columns-is-layout-28f84493 wp-block-columns-is-layout-flex\">\n<div class=\"wp-block-column is-vertically-aligned-center is-layout-flow wp-block-column-is-layout-flow\" style=\"flex-basis:66.66%\">\n<h2 class=\"wp-block-heading\">En autob\u00fas<\/h2>\n\n\n\n<h3 class=\"wp-block-heading\">Estaci\u00f3n de autobuses<\/h3>\n\n\n\n<p>La estaci\u00f3n de autobuses de Toulouse se encuentra justo al lado de la estaci\u00f3n Matabiau-SNCF.<br>Le llevar\u00e1 directamente al centro de Toulouse, a 15 minutos a pie de la plaza del Capitolio.<br>La estaci\u00f3n de metro m\u00e1s cercana es Marengo-SNCF.<\/p>\n\n\n\n<p><strong><strong>Informaci\u00f3n<\/strong> estaci\u00f3n de autobuses<\/strong>:<br>68-70 boulevard Pierre S\u00e9mard - 31500 Toulouse<br>N\u00famero gratuito: 0 800 511 883<\/p>\n<\/div>\n\n\n\n<div class=\"wp-block-column is-vertically-aligned-center is-layout-flow wp-block-column-is-layout-flow\" style=\"flex-basis:33.33%\">\n<figure data-wp-context=\"{&quot;imageId&quot;:&quot;69f2ac1216531&quot;}\" data-wp-interactive=\"core\/image\" data-wp-key=\"69f2ac1216531\" class=\"wp-block-image size-full wp-lightbox-container\"><img decoding=\"async\" width=\"800\" height=\"769\" data-wp-class--hide=\"state.isContentHidden\" data-wp-class--show=\"state.isContentVisible\" data-wp-init=\"callbacks.setButtonStyles\" data-wp-on--click=\"actions.showLightbox\" data-wp-on--load=\"callbacks.setButtonStyles\" data-wp-on-window--resize=\"callbacks.setButtonStyles\" src=\"https:\/\/www.toulouse-tourisme.com\/assets\/uploads\/sites\/3\/2023\/12\/toulouse-gare-routiere.jpg\" alt=\"Gare routi\u00e8re \u00e0 Toulouse\" class=\"wp-image-7311\" srcset=\"https:\/\/www.toulouse-tourisme.com\/assets\/uploads\/sites\/3\/2023\/12\/toulouse-gare-routiere.jpg 800w, https:\/\/www.toulouse-tourisme.com\/assets\/uploads\/sites\/3\/2023\/12\/toulouse-gare-routiere-600x577.jpg 600w, https:\/\/www.toulouse-tourisme.com\/assets\/uploads\/sites\/3\/2023\/12\/toulouse-gare-routiere-400x385.jpg 400w, https:\/\/www.toulouse-tourisme.com\/assets\/uploads\/sites\/3\/2023\/12\/toulouse-gare-routiere-768x738.jpg 768w\" sizes=\"(max-width: 800px) 100vw, 800px\" \/><button\n\t\t\tclass=\"lightbox-trigger\"\n\t\t\ttype=\"button\"\n\t\t\taria-haspopup=\"dialog\"\n\t\t\taria-label=\"Agrandar\"\n\t\t\tdata-wp-init=\"callbacks.initTriggerButton\"\n\t\t\tdata-wp-on--click=\"actions.showLightbox\"\n\t\t\tdata-wp-style--right=\"state.imageButtonRight\"\n\t\t\tdata-wp-style--top=\"state.imageButtonTop\"\n\t\t>\n\t\t\t<svg xmlns=\"http:\/\/www.w3.org\/2000\/svg\" width=\"12\" height=\"12\" fill=\"none\" viewBox=\"0 0 12 12\">\n\t\t\t\t<path fill=\"#fff\" d=\"M2 0a2 2 0 0 0-2 2v2h1.5V2a.5.5 0 0 1 .5-.5h2V0H2Zm2 10.5H2a.5.5 0 0 1-.5-.5V8H0v2a2 2 0 0 0 2 2h2v-1.5ZM8 12v-1.5h2a.5.5 0 0 0 .5-.5V8H12v2a2 2 0 0 1-2 2H8Zm2-12a2 2 0 0 1 2 2v2h-1.5V2a.5.5 0 0 0-.5-.5H8V0h2Z\" \/>\n\t\t\t<\/svg>\n\t\t<\/button><figcaption class=\"wp-element-caption\">Gare routi\u00e8re \u00a9 Remi Deligeon<\/figcaption><\/figure>\n<\/div>\n<\/div>\n<\/div>\n\n\n\n<div class=\"wp-block-group has-global-padding is-layout-constrained wp-block-group-is-layout-constrained\">\n<h2 class=\"wp-block-heading\">Llegar en coche o en camping-car<\/h2>\n\n\n\n<p>Toulouse es una ciudad de f\u00e1cil acceso con varias autopistas. Para visitar la ciudad, lo mejor es dejar su veh\u00edculo en un aparcamiento y desplazarse en metro o en autob\u00fas.<\/p>\n\n\n\n<h3 class=\"wp-block-heading\">Circular en coche por la conurbaci\u00f3n de Toulouse<\/h3>\n\n\n\n<p><strong>Zona de bajas emisiones \u2013 la ZFE<\/strong><\/p>\n\n\n\n<p>En Francia, las conurbaciones y las grandes aglomeraciones urbanas se han dotado de zonas de bajas emisiones para combatir la contaminaci\u00f3n atmosf\u00e9rica. En dichas \u00e1reas los veh\u00edculos m\u00e1s contaminantes no pueden ni circular ni aparcar. La Conurbaci\u00f3n de Toulouse ha creado una zona ZFE desde el 1\u00ba de marzo de 2022 que corresponde al per\u00edmetro dentro de la circunvalaci\u00f3n.<\/p>\n\n\n\n<p><strong>La pegatina Crit\u2019air<\/strong><\/p>\n\n\n\n<p>La pegatina Crit\u2019Air es obligatoria en la zona ZFE en toda Francia donde dichas zonas han sido instituidas. Se trata de una pegatina que debe ser visible en el parabrisas. Los veh\u00edculos se clasifican en categor\u00edas del 0 al 5 seg\u00fan el nivel de emisiones de contaminantes atmosf\u00e9ricos: el 5 es el m\u00e1s contaminante. Los veh\u00edculos muy antiguos no entran en ninguna categor\u00eda.<\/p>\n\n\n\n<div class=\"wp-block-buttons is-layout-flex wp-block-buttons-is-layout-flex\">\n<div class=\"wp-block-button\"><a class=\"wp-block-button__link wp-element-button\" href=\"https:\/\/www.toulouse-tourisme.com\/es\/prepara-tu-estancia\/zfe-zona-de-bajas-emisiones\/\">M\u00e1s informaci\u00f3n sobre la ZFE<\/a><\/div>\n<\/div>\n\n\n\n<p><strong>Aparcamientos en Toulouse<\/strong><\/p>\n\n\n\n<p>Circular por el centro de Toulouse en coche puede ser dif\u00edcil. Le aconsejamos que contrate un alojamiento con aparcamiento privado y que visite la Ciudad Rosa a pie o con los transportes p\u00fablicos. A la mayor\u00eda de los lugares tur\u00edsticos se llega en metro.<\/p>\n\n\n\n<div class=\"wp-block-buttons is-layout-flex wp-block-buttons-is-layout-flex\">\n<div class=\"wp-block-button is-style-outline is-style-outline--2\"><a class=\"wp-block-button__link wp-element-button\" href=\"https:\/\/www.toulouse-tourisme.com\/es\/prepara-tu-estancia\/donde-dormir\/hoteles-y-residencias-hoteleras\/?_c_h_equipements_services=2564409eb849f1cbb7fb8a9144115dcb\">Hoteles y residencias con aparcamiento<\/a><\/div>\n<\/div>\n<\/div>\n\n\n\n<div class=\"wp-block-group has-global-padding is-layout-constrained wp-block-group-is-layout-constrained\">\n<h3 class=\"wp-block-heading\">Visitar Toulouse en camping-car<\/h3>\n\n\n\n<p>Si piensa llegar a Toulouse con un camping-car debe saber que no hay muchas posibilidades de aparcar fuera de los campings acondicionados:<\/p>\n\n\n\n<div class=\"wp-block-buttons is-layout-flex wp-block-buttons-is-layout-flex\">\n<div class=\"wp-block-button\"><a class=\"wp-block-button__link wp-element-button\" href=\"https:\/\/www.toulouse-tourisme.com\/es\/prepara-tu-estancia\/donde-dormir\/campings\/\">campings<\/a><\/div>\n<\/div>\n<\/div>\n\n\n\n<div class=\"wp-block-group has-global-padding is-layout-constrained wp-block-group-is-layout-constrained\">\n<div class=\"wp-block-columns is-layout-flex wp-container-core-columns-is-layout-28f84493 wp-block-columns-is-layout-flex\">\n<div class=\"wp-block-column is-vertically-aligned-top is-layout-flow wp-block-column-is-layout-flow\" style=\"flex-basis:33.33%\">\n<figure data-wp-context=\"{&quot;imageId&quot;:&quot;69f2ac12179c7&quot;}\" data-wp-interactive=\"core\/image\" data-wp-key=\"69f2ac12179c7\" class=\"wp-block-image size-large wp-lightbox-container\"><img decoding=\"async\" width=\"1200\" height=\"800\" data-wp-class--hide=\"state.isContentHidden\" data-wp-class--show=\"state.isContentVisible\" data-wp-init=\"callbacks.setButtonStyles\" data-wp-on--click=\"actions.showLightbox\" data-wp-on--load=\"callbacks.setButtonStyles\" data-wp-on-window--resize=\"callbacks.setButtonStyles\" src=\"https:\/\/www.toulouse-tourisme.com\/assets\/uploads\/sites\/3\/2023\/11\/visiter-toulouse-cite-espace-1200x800.jpg\" alt=\"Visiter Toulouse, la Cit\u00e9 de l'espace\" class=\"wp-image-5353\" srcset=\"https:\/\/www.toulouse-tourisme.com\/assets\/uploads\/sites\/3\/2023\/11\/visiter-toulouse-cite-espace-1200x800.jpg 1200w, https:\/\/www.toulouse-tourisme.com\/assets\/uploads\/sites\/3\/2023\/11\/visiter-toulouse-cite-espace-600x400.jpg 600w, https:\/\/www.toulouse-tourisme.com\/assets\/uploads\/sites\/3\/2023\/11\/visiter-toulouse-cite-espace-400x267.jpg 400w, https:\/\/www.toulouse-tourisme.com\/assets\/uploads\/sites\/3\/2023\/11\/visiter-toulouse-cite-espace-768x512.jpg 768w, https:\/\/www.toulouse-tourisme.com\/assets\/uploads\/sites\/3\/2023\/11\/visiter-toulouse-cite-espace-1536x1024.jpg 1536w, https:\/\/www.toulouse-tourisme.com\/assets\/uploads\/sites\/3\/2023\/11\/visiter-toulouse-cite-espace.jpg 1920w\" sizes=\"(max-width: 1200px) 100vw, 1200px\" \/><button\n\t\t\tclass=\"lightbox-trigger\"\n\t\t\ttype=\"button\"\n\t\t\taria-haspopup=\"dialog\"\n\t\t\taria-label=\"Agrandar\"\n\t\t\tdata-wp-init=\"callbacks.initTriggerButton\"\n\t\t\tdata-wp-on--click=\"actions.showLightbox\"\n\t\t\tdata-wp-style--right=\"state.imageButtonRight\"\n\t\t\tdata-wp-style--top=\"state.imageButtonTop\"\n\t\t>\n\t\t\t<svg xmlns=\"http:\/\/www.w3.org\/2000\/svg\" width=\"12\" height=\"12\" fill=\"none\" viewBox=\"0 0 12 12\">\n\t\t\t\t<path fill=\"#fff\" d=\"M2 0a2 2 0 0 0-2 2v2h1.5V2a.5.5 0 0 1 .5-.5h2V0H2Zm2 10.5H2a.5.5 0 0 1-.5-.5V8H0v2a2 2 0 0 0 2 2h2v-1.5ZM8 12v-1.5h2a.5.5 0 0 0 .5-.5V8H12v2a2 2 0 0 1-2 2H8Zm2-12a2 2 0 0 1 2 2v2h-1.5V2a.5.5 0 0 0-.5-.5H8V0h2Z\" \/>\n\t\t\t<\/svg>\n\t\t<\/button><figcaption class=\"wp-element-caption\">Visiter Toulouse, la Cit\u00e9 de l'espace \u00a9 R\u00e9mi Deligeon<\/figcaption><\/figure>\n<\/div>\n\n\n\n<div class=\"wp-block-column is-vertically-aligned-center is-layout-flow wp-block-column-is-layout-flow\" style=\"flex-basis:66.66%\">\n<p>Si ha previsto una corta estancia, existe un espacio de estacionamiento sin instalaciones ni servicio alguno (relleno o vaciado) cerca de la Ciudad del Espacio. Pero es ideal si quiere descubrir el espacio y los secretos del universo.<br>Llegar al centro de la ciudad es simple tomando el autob\u00fas 37 con parada al lado.<\/p>\n\n\n\n<p><strong>Aparcamiento camping-car \"Cit\u00e9 de l\u2019espace\"<\/strong><br>9 Avenue Jean Gonord - 31500 Toulouse<\/p>\n\n\n\n<div class=\"wp-block-buttons is-layout-flex wp-block-buttons-is-layout-flex\">\n<div class=\"wp-block-button\"><a class=\"wp-block-button__link wp-element-button\" href=\"http:\/\/www.campercontact.com\/fr\/france\/occitanie\/toulouse\/60760\/cite-de-lespace\" target=\"_blank\" rel=\"noreferrer noopener\"><strong>Aparcamiento camping-car \"Cit\u00e9 de l\u2019espace\"<\/strong><\/a><\/div>\n<\/div>\n<\/div>\n<\/div>\n<\/div>\n\n\n\n<div class=\"wp-block-group alignfull has-background-highlight-light-background-color has-background has-global-padding is-layout-constrained wp-block-group-is-layout-constrained\" style=\"padding-top:var(--wp--preset--spacing--large);padding-bottom:var(--wp--preset--spacing--large)\">\n<h2 class=\"wp-block-heading\">Tambi\u00e9n le puede interesar\u2026<\/h2>\n\n\n\t\t\t<div class=\"fsgb-block-playlist swiper is-style-medium-landscape-cards\" data-swiper-type=\"medium-landscape-cards\"  >\n\t<div class=\"swiper-navigation\">\n\t\t<div class=\"swiper-button-prev\">\n\t\t\t<svg class=\"icon icon-arrow-prev\">\n\t\t\t\t<title>Anterior<\/title>\n\t\t\t\t<use href=\"https:\/\/www.toulouse-tourisme.com\/assets\/themes\/tourisme\/icons\/sprite.svg#arrow-prev\"><\/use>\n\t\t\t<\/svg>\n\t\t<\/div>\n\n\t\t<div class=\"swiper-button-next\">\n\t\t\t<svg class=\"icon icon-arrow-next\">\n\t\t\t\t<title>Siguiente<\/title>\n\t\t\t\t<use href=\"https:\/\/www.toulouse-tourisme.com\/assets\/themes\/tourisme\/icons\/sprite.svg#arrow-next\"><\/use>\n\t\t\t<\/svg>\n\t\t<\/div>\n\t<\/div>\n\n\t<div class=\"swiper-wrapper\">\n\t\t\t\t\t<div class=\"swiper-slide\">\n\t\t\t\t\t<article class=\"card card--stacked stretched-link has-white-color\">\n\t\t<figure class=\"card__thumbnail has-middleground-background-color\">\n\t\t\t<img decoding=\"async\" width=\"600\" height=\"338\" src=\"https:\/\/www.toulouse-tourisme.com\/assets\/uploads\/sites\/3\/2023\/12\/vue-toulouse-600x338.jpg\" class=\"attachment-medium size-medium\" alt=\"Vue depuis le couvent des Jacobins\" srcset=\"https:\/\/www.toulouse-tourisme.com\/assets\/uploads\/sites\/3\/2023\/12\/vue-toulouse-600x338.jpg 600w, https:\/\/www.toulouse-tourisme.com\/assets\/uploads\/sites\/3\/2023\/12\/vue-toulouse-1200x675.jpg 1200w, https:\/\/www.toulouse-tourisme.com\/assets\/uploads\/sites\/3\/2023\/12\/vue-toulouse-400x225.jpg 400w, https:\/\/www.toulouse-tourisme.com\/assets\/uploads\/sites\/3\/2023\/12\/vue-toulouse-768x432.jpg 768w, https:\/\/www.toulouse-tourisme.com\/assets\/uploads\/sites\/3\/2023\/12\/vue-toulouse-1536x864.jpg 1536w, https:\/\/www.toulouse-tourisme.com\/assets\/uploads\/sites\/3\/2023\/12\/vue-toulouse.jpg 1920w\" sizes=\"(max-width: 600px) 100vw, 600px\" \/>\t\t<\/figure>\n\n\t\t<div class=\"card__content\">\n\t\t\t\n\t\t\t\t\t\t\n\t\t\t\t\t\t\t<h3  class=\"wp-block-heading is-style-h2\">\n\t\t\t\t\t\t\t\t\t\t\t<svg class=\"icon icon-post\" aria-hidden=\"true\">\n\t\t\t\t\t\t\t<use href=\"https:\/\/www.toulouse-tourisme.com\/assets\/themes\/tourisme\/icons\/sprite.svg#post\"><\/use>\n\t\t\t\t\t\t<\/svg>\n\t\t\t\t\t\t\t\t\t\t\t\t\t\t\t\t<a href=\"https:\/\/www.toulouse-tourisme.com\/es\/prepara-tu-estancia\/redes-sociales\/\">Estamos en las redes sociales<\/a>\t\t\t\t\t\t\t\t\t<\/h3>\n\t\t\t\n\t\t\t\n\t\t\t\n\t\t\t\t\t\t\t\t<\/div>\n\n\t\t\t<\/article>\n\t\t\t<\/div>\n\t\t\t\t\t<div class=\"swiper-slide\">\n\t\t\t\t\t<article class=\"card card--stacked stretched-link has-white-color\">\n\t\t<figure class=\"card__thumbnail has-middleground-background-color\">\n\t\t\t<img decoding=\"async\" width=\"600\" height=\"400\" src=\"https:\/\/www.toulouse-tourisme.com\/assets\/uploads\/sites\/3\/2023\/12\/bord-de-garonne-toulouse-600x400.jpg\" class=\"attachment-medium size-medium\" alt=\"Les bords de Garonne \u00e0 Toulouse\" srcset=\"https:\/\/www.toulouse-tourisme.com\/assets\/uploads\/sites\/3\/2023\/12\/bord-de-garonne-toulouse-600x400.jpg 600w, https:\/\/www.toulouse-tourisme.com\/assets\/uploads\/sites\/3\/2023\/12\/bord-de-garonne-toulouse-1200x800.jpg 1200w, https:\/\/www.toulouse-tourisme.com\/assets\/uploads\/sites\/3\/2023\/12\/bord-de-garonne-toulouse-400x267.jpg 400w, https:\/\/www.toulouse-tourisme.com\/assets\/uploads\/sites\/3\/2023\/12\/bord-de-garonne-toulouse-768x512.jpg 768w, https:\/\/www.toulouse-tourisme.com\/assets\/uploads\/sites\/3\/2023\/12\/bord-de-garonne-toulouse-1536x1024.jpg 1536w, https:\/\/www.toulouse-tourisme.com\/assets\/uploads\/sites\/3\/2023\/12\/bord-de-garonne-toulouse.jpg 1929w\" sizes=\"(max-width: 600px) 100vw, 600px\" \/>\t\t<\/figure>\n\n\t\t<div class=\"card__content\">\n\t\t\t\n\t\t\t\t\t\t\n\t\t\t\t\t\t\t<h3  class=\"wp-block-heading is-style-h2\">\n\t\t\t\t\t\t\t\t\t\t\t<svg class=\"icon icon-post\" aria-hidden=\"true\">\n\t\t\t\t\t\t\t<use href=\"https:\/\/www.toulouse-tourisme.com\/assets\/themes\/tourisme\/icons\/sprite.svg#post\"><\/use>\n\t\t\t\t\t\t<\/svg>\n\t\t\t\t\t\t\t\t\t\t\t\t\t\t\t\t<a href=\"https:\/\/www.toulouse-tourisme.com\/es\/prepara-tu-estancia\/zfe-zona-de-bajas-emisiones\/\">ZFE \u2013 Zona de Bajas Emisiones<\/a>\t\t\t\t\t\t\t\t\t<\/h3>\n\t\t\t\n\t\t\t\n\t\t\t\n\t\t\t\t\t\t\t\t<\/div>\n\n\t\t\t<\/article>\n\t\t\t<\/div>\n\t\t\t\t\t<div class=\"swiper-slide\">\n\t\t\t\t\t<article class=\"card card--stacked stretched-link has-white-color\">\n\t\t<figure class=\"card__thumbnail has-middleground-background-color\">\n\t\t\t<img decoding=\"async\" width=\"600\" height=\"358\" src=\"https:\/\/www.toulouse-tourisme.com\/assets\/uploads\/sites\/3\/2023\/12\/transports-communs-se-deplacer-toulouse-600x358.jpg\" class=\"attachment-medium size-medium\" alt=\"Transports en commun, se d\u00e9placer \u00e0 Toulouse\" srcset=\"https:\/\/www.toulouse-tourisme.com\/assets\/uploads\/sites\/3\/2023\/12\/transports-communs-se-deplacer-toulouse-600x358.jpg 600w, https:\/\/www.toulouse-tourisme.com\/assets\/uploads\/sites\/3\/2023\/12\/transports-communs-se-deplacer-toulouse-1200x717.jpg 1200w, https:\/\/www.toulouse-tourisme.com\/assets\/uploads\/sites\/3\/2023\/12\/transports-communs-se-deplacer-toulouse-400x239.jpg 400w, https:\/\/www.toulouse-tourisme.com\/assets\/uploads\/sites\/3\/2023\/12\/transports-communs-se-deplacer-toulouse-768x459.jpg 768w, https:\/\/www.toulouse-tourisme.com\/assets\/uploads\/sites\/3\/2023\/12\/transports-communs-se-deplacer-toulouse-1536x918.jpg 1536w, https:\/\/www.toulouse-tourisme.com\/assets\/uploads\/sites\/3\/2023\/12\/transports-communs-se-deplacer-toulouse.jpg 1920w\" sizes=\"(max-width: 600px) 100vw, 600px\" \/>\t\t<\/figure>\n\n\t\t<div class=\"card__content\">\n\t\t\t\n\t\t\t\t\t\t\n\t\t\t\t\t\t\t<h3  class=\"wp-block-heading is-style-h2\">\n\t\t\t\t\t\t\t\t\t\t\t<svg class=\"icon icon-post\" aria-hidden=\"true\">\n\t\t\t\t\t\t\t<use href=\"https:\/\/www.toulouse-tourisme.com\/assets\/themes\/tourisme\/icons\/sprite.svg#post\"><\/use>\n\t\t\t\t\t\t<\/svg>\n\t\t\t\t\t\t\t\t\t\t\t\t\t\t\t\t<a href=\"https:\/\/www.toulouse-tourisme.com\/es\/prepara-tu-estancia\/desplazarse-por-toulouse\/\">Desplazarse por Toulouse<\/a>\t\t\t\t\t\t\t\t\t<\/h3>\n\t\t\t\n\t\t\t\n\t\t\t\n\t\t\t\t\t\t\t\t<\/div>\n\n\t\t\t<\/article>\n\t\t\t<\/div>\n\t\t\t\t\t<div class=\"swiper-slide\">\n\t\t\t\t\t<article class=\"card card--stacked stretched-link has-white-color\">\n\t\t<figure class=\"card__thumbnail has-middleground-background-color\">\n\t\t\t<img decoding=\"async\" width=\"600\" height=\"255\" src=\"https:\/\/www.toulouse-tourisme.com\/assets\/uploads\/sites\/3\/2023\/08\/panoramique-daurade-600x255.jpg\" class=\"attachment-medium size-medium\" alt=\"Port de la Daurade \u00a9 R\u00e9mi Deligeon\" srcset=\"https:\/\/www.toulouse-tourisme.com\/assets\/uploads\/sites\/3\/2023\/08\/panoramique-daurade-600x255.jpg 600w, https:\/\/www.toulouse-tourisme.com\/assets\/uploads\/sites\/3\/2023\/08\/panoramique-daurade-1200x511.jpg 1200w, https:\/\/www.toulouse-tourisme.com\/assets\/uploads\/sites\/3\/2023\/08\/panoramique-daurade-400x170.jpg 400w, https:\/\/www.toulouse-tourisme.com\/assets\/uploads\/sites\/3\/2023\/08\/panoramique-daurade-768x327.jpg 768w, https:\/\/www.toulouse-tourisme.com\/assets\/uploads\/sites\/3\/2023\/08\/panoramique-daurade-1536x654.jpg 1536w, https:\/\/www.toulouse-tourisme.com\/assets\/uploads\/sites\/3\/2023\/08\/panoramique-daurade-2048x872.jpg 2048w\" sizes=\"(max-width: 600px) 100vw, 600px\" \/>\t\t<\/figure>\n\n\t\t<div class=\"card__content\">\n\t\t\t\n\t\t\t\t\t\t\n\t\t\t\t\t\t\t<h3  class=\"wp-block-heading is-style-h2\">\n\t\t\t\t\t\t\t\t\t\t\t<svg class=\"icon icon-post\" aria-hidden=\"true\">\n\t\t\t\t\t\t\t<use href=\"https:\/\/www.toulouse-tourisme.com\/assets\/themes\/tourisme\/icons\/sprite.svg#post\"><\/use>\n\t\t\t\t\t\t<\/svg>\n\t\t\t\t\t\t\t\t\t\t\t\t\t\t\t\t<a href=\"https:\/\/www.toulouse-tourisme.com\/es\/prepara-tu-estancia\/folletos\/\">Folletos<\/a>\t\t\t\t\t\t\t\t\t<\/h3>\n\t\t\t\n\t\t\t\n\t\t\t\n\t\t\t\t\t\t\t\t<\/div>\n\n\t\t\t<\/article>\n\t\t\t<\/div>\n\t\t\t\t\t<\/div>\n<\/div>\n\t<\/div>\n","protected":false},"excerpt":{"rendered":"<p>\u00bfC\u00f3mo llegar a Toulouse? Llegar en avi\u00f3n, en coche, en tren\u2026 encuentre aqu\u00ed todos los medios de transporte para venir a Toulouse. Encuentra el itinerario ideal Vuelo, tren, autob\u00fas, ferry, coche compartido: con una oferta de transporte cada vez m\u00e1s importante en Europa, \u00a1puedes perderte f\u00e1cilmente! Especifica tu ciudad de salida para tu viaje a [&hellip;]<\/p>\n","protected":false},"author":3,"featured_media":7297,"parent":12656,"menu_order":0,"comment_status":"closed","ping_status":"closed","template":"templates\/magazine.php","meta":{"_acf_changed":false,"footnotes":""},"class_list":["post-12436","page","type-page","status-publish","has-post-thumbnail","hentry"],"acf":[],"yoast_head":"<!-- This site is optimized with the Yoast SEO plugin v27.1.1 - https:\/\/yoast.com\/product\/yoast-seo-wordpress\/ -->\n<title>Llegar en Toulouse - Toulouse Tourisme<\/title>\n<meta name=\"description\" content=\"Aviones, trenes, coches... descubra c\u00f3mo llegar a Toulouse. \u00bfViaja en autocaravana? M\u00e1s informaci\u00f3n sobre aparcamientos.\" \/>\n<meta name=\"robots\" content=\"index, follow, max-snippet:-1, max-image-preview:large, max-video-preview:-1\" \/>\n<link rel=\"canonical\" href=\"https:\/\/www.toulouse-tourisme.com\/es\/prepara-tu-estancia\/llegar-en-toulouse\/\" \/>\n<meta property=\"og:locale\" content=\"es_ES\" \/>\n<meta property=\"og:type\" content=\"article\" \/>\n<meta property=\"og:title\" content=\"Llegar en Toulouse - Toulouse Tourisme\" \/>\n<meta property=\"og:description\" content=\"Aviones, trenes, coches... descubra c\u00f3mo llegar a Toulouse. \u00bfViaja en autocaravana? M\u00e1s informaci\u00f3n sobre aparcamientos.\" \/>\n<meta property=\"og:url\" content=\"https:\/\/www.toulouse-tourisme.com\/es\/prepara-tu-estancia\/llegar-en-toulouse\/\" \/>\n<meta property=\"og:site_name\" content=\"Toulouse Tourisme\" \/>\n<meta property=\"article:publisher\" content=\"https:\/\/www.facebook.com\/Toulouse.tourisme\/\" \/>\n<meta property=\"article:modified_time\" content=\"2025-07-18T14:01:48+00:00\" \/>\n<meta property=\"og:image\" content=\"https:\/\/www.toulouse-tourisme.com\/assets\/uploads\/sites\/3\/2023\/12\/venir-a-toulouse-gare-matabiau.jpg\" \/>\n\t<meta property=\"og:image:width\" content=\"1920\" \/>\n\t<meta property=\"og:image:height\" content=\"1280\" \/>\n\t<meta property=\"og:image:type\" content=\"image\/jpeg\" \/>\n<meta name=\"twitter:card\" content=\"summary_large_image\" \/>\n<meta name=\"twitter:label1\" content=\"Tiempo de lectura\" \/>\n\t<meta name=\"twitter:data1\" content=\"5 minutos\" \/>\n<script type=\"application\/ld+json\" class=\"yoast-schema-graph\">{\"@context\":\"https:\/\/schema.org\",\"@graph\":[{\"@type\":\"WebPage\",\"@id\":\"https:\/\/www.toulouse-tourisme.com\/es\/prepara-tu-estancia\/llegar-en-toulouse\/\",\"url\":\"https:\/\/www.toulouse-tourisme.com\/es\/prepara-tu-estancia\/llegar-en-toulouse\/\",\"name\":\"Llegar en Toulouse - Toulouse Tourisme\",\"isPartOf\":{\"@id\":\"https:\/\/www.toulouse-tourisme.com\/es\/#website\"},\"primaryImageOfPage\":{\"@id\":\"https:\/\/www.toulouse-tourisme.com\/es\/prepara-tu-estancia\/llegar-en-toulouse\/#primaryimage\"},\"image\":{\"@id\":\"https:\/\/www.toulouse-tourisme.com\/es\/prepara-tu-estancia\/llegar-en-toulouse\/#primaryimage\"},\"thumbnailUrl\":\"https:\/\/www.toulouse-tourisme.com\/assets\/uploads\/sites\/3\/2023\/12\/venir-a-toulouse-gare-matabiau.jpg\",\"datePublished\":\"2023-10-10T12:55:37+00:00\",\"dateModified\":\"2025-07-18T14:01:48+00:00\",\"description\":\"Aviones, trenes, coches... descubra c\u00f3mo llegar a Toulouse. \u00bfViaja en autocaravana? M\u00e1s informaci\u00f3n sobre aparcamientos.\",\"breadcrumb\":{\"@id\":\"https:\/\/www.toulouse-tourisme.com\/es\/prepara-tu-estancia\/llegar-en-toulouse\/#breadcrumb\"},\"inLanguage\":\"es\",\"potentialAction\":[{\"@type\":\"ReadAction\",\"target\":[\"https:\/\/www.toulouse-tourisme.com\/es\/prepara-tu-estancia\/llegar-en-toulouse\/\"]}]},{\"@type\":\"ImageObject\",\"inLanguage\":\"es\",\"@id\":\"https:\/\/www.toulouse-tourisme.com\/es\/prepara-tu-estancia\/llegar-en-toulouse\/#primaryimage\",\"url\":\"https:\/\/www.toulouse-tourisme.com\/assets\/uploads\/sites\/3\/2023\/12\/venir-a-toulouse-gare-matabiau.jpg\",\"contentUrl\":\"https:\/\/www.toulouse-tourisme.com\/assets\/uploads\/sites\/3\/2023\/12\/venir-a-toulouse-gare-matabiau.jpg\",\"width\":1920,\"height\":1280,\"caption\":\"Gare de Toulouse Matabiau \u00a9 Remi Deligeon\"},{\"@type\":\"BreadcrumbList\",\"@id\":\"https:\/\/www.toulouse-tourisme.com\/es\/prepara-tu-estancia\/llegar-en-toulouse\/#breadcrumb\",\"itemListElement\":[{\"@type\":\"ListItem\",\"position\":1,\"name\":\"Inicio\",\"item\":\"https:\/\/www.toulouse-tourisme.com\/es\/\"},{\"@type\":\"ListItem\",\"position\":2,\"name\":\"Prepara tu estancia\",\"item\":\"https:\/\/www.toulouse-tourisme.com\/es\/prepara-tu-estancia\/\"},{\"@type\":\"ListItem\",\"position\":3,\"name\":\"Llegar en Toulouse\"}]},{\"@type\":\"WebSite\",\"@id\":\"https:\/\/www.toulouse-tourisme.com\/es\/#website\",\"url\":\"https:\/\/www.toulouse-tourisme.com\/es\/\",\"name\":\"Toulouse Tourisme\",\"description\":\"\",\"publisher\":{\"@id\":\"https:\/\/www.toulouse-tourisme.com\/es\/#organization\"},\"potentialAction\":[{\"@type\":\"SearchAction\",\"target\":{\"@type\":\"EntryPoint\",\"urlTemplate\":\"https:\/\/www.toulouse-tourisme.com\/es\/?s={search_term_string}\"},\"query-input\":{\"@type\":\"PropertyValueSpecification\",\"valueRequired\":true,\"valueName\":\"search_term_string\"}}],\"inLanguage\":\"es\"},{\"@type\":\"Organization\",\"@id\":\"https:\/\/www.toulouse-tourisme.com\/es\/#organization\",\"name\":\"Toulouse Tourisme\",\"url\":\"https:\/\/www.toulouse-tourisme.com\/es\/\",\"logo\":{\"@type\":\"ImageObject\",\"inLanguage\":\"es\",\"@id\":\"https:\/\/www.toulouse-tourisme.com\/es\/#\/schema\/logo\/image\/\",\"url\":\"https:\/\/www.toulouse-tourisme.com\/assets\/uploads\/sites\/3\/2023\/10\/toulouse.svg\",\"contentUrl\":\"https:\/\/www.toulouse-tourisme.com\/assets\/uploads\/sites\/3\/2023\/10\/toulouse.svg\",\"width\":220,\"height\":61,\"caption\":\"Toulouse Tourisme\"},\"image\":{\"@id\":\"https:\/\/www.toulouse-tourisme.com\/es\/#\/schema\/logo\/image\/\"},\"sameAs\":[\"https:\/\/www.facebook.com\/Toulouse.tourisme\/\",\"https:\/\/www.instagram.com\/visiteztoulouse\/\",\"https:\/\/www.youtube.com\/@VisitezToulouse\",\"https:\/\/fr.pinterest.com\/visiteztoulouse\/\"]}]}<\/script>\n<!-- \/ Yoast SEO plugin. -->","yoast_head_json":{"title":"Llegar en Toulouse - Toulouse Tourisme","description":"Aviones, trenes, coches... descubra c\u00f3mo llegar a Toulouse. \u00bfViaja en autocaravana? M\u00e1s informaci\u00f3n sobre aparcamientos.","robots":{"index":"index","follow":"follow","max-snippet":"max-snippet:-1","max-image-preview":"max-image-preview:large","max-video-preview":"max-video-preview:-1"},"canonical":"https:\/\/www.toulouse-tourisme.com\/es\/prepara-tu-estancia\/llegar-en-toulouse\/","og_locale":"es_ES","og_type":"article","og_title":"Llegar en Toulouse - Toulouse Tourisme","og_description":"Aviones, trenes, coches... descubra c\u00f3mo llegar a Toulouse. \u00bfViaja en autocaravana? M\u00e1s informaci\u00f3n sobre aparcamientos.","og_url":"https:\/\/www.toulouse-tourisme.com\/es\/prepara-tu-estancia\/llegar-en-toulouse\/","og_site_name":"Toulouse Tourisme","article_publisher":"https:\/\/www.facebook.com\/Toulouse.tourisme\/","article_modified_time":"2025-07-18T14:01:48+00:00","og_image":[{"width":1920,"height":1280,"url":"https:\/\/www.toulouse-tourisme.com\/assets\/uploads\/sites\/3\/2023\/12\/venir-a-toulouse-gare-matabiau.jpg","type":"image\/jpeg"}],"twitter_card":"summary_large_image","twitter_misc":{"Tiempo de lectura":"5 minutos"},"schema":{"@context":"https:\/\/schema.org","@graph":[{"@type":"WebPage","@id":"https:\/\/www.toulouse-tourisme.com\/es\/prepara-tu-estancia\/llegar-en-toulouse\/","url":"https:\/\/www.toulouse-tourisme.com\/es\/prepara-tu-estancia\/llegar-en-toulouse\/","name":"Llegar en Toulouse - Toulouse Tourisme","isPartOf":{"@id":"https:\/\/www.toulouse-tourisme.com\/es\/#website"},"primaryImageOfPage":{"@id":"https:\/\/www.toulouse-tourisme.com\/es\/prepara-tu-estancia\/llegar-en-toulouse\/#primaryimage"},"image":{"@id":"https:\/\/www.toulouse-tourisme.com\/es\/prepara-tu-estancia\/llegar-en-toulouse\/#primaryimage"},"thumbnailUrl":"https:\/\/www.toulouse-tourisme.com\/assets\/uploads\/sites\/3\/2023\/12\/venir-a-toulouse-gare-matabiau.jpg","datePublished":"2023-10-10T12:55:37+00:00","dateModified":"2025-07-18T14:01:48+00:00","description":"Aviones, trenes, coches... descubra c\u00f3mo llegar a Toulouse. \u00bfViaja en autocaravana? M\u00e1s informaci\u00f3n sobre aparcamientos.","breadcrumb":{"@id":"https:\/\/www.toulouse-tourisme.com\/es\/prepara-tu-estancia\/llegar-en-toulouse\/#breadcrumb"},"inLanguage":"es","potentialAction":[{"@type":"ReadAction","target":["https:\/\/www.toulouse-tourisme.com\/es\/prepara-tu-estancia\/llegar-en-toulouse\/"]}]},{"@type":"ImageObject","inLanguage":"es","@id":"https:\/\/www.toulouse-tourisme.com\/es\/prepara-tu-estancia\/llegar-en-toulouse\/#primaryimage","url":"https:\/\/www.toulouse-tourisme.com\/assets\/uploads\/sites\/3\/2023\/12\/venir-a-toulouse-gare-matabiau.jpg","contentUrl":"https:\/\/www.toulouse-tourisme.com\/assets\/uploads\/sites\/3\/2023\/12\/venir-a-toulouse-gare-matabiau.jpg","width":1920,"height":1280,"caption":"Gare de Toulouse Matabiau \u00a9 Remi Deligeon"},{"@type":"BreadcrumbList","@id":"https:\/\/www.toulouse-tourisme.com\/es\/prepara-tu-estancia\/llegar-en-toulouse\/#breadcrumb","itemListElement":[{"@type":"ListItem","position":1,"name":"Inicio","item":"https:\/\/www.toulouse-tourisme.com\/es\/"},{"@type":"ListItem","position":2,"name":"Prepara tu estancia","item":"https:\/\/www.toulouse-tourisme.com\/es\/prepara-tu-estancia\/"},{"@type":"ListItem","position":3,"name":"Llegar en Toulouse"}]},{"@type":"WebSite","@id":"https:\/\/www.toulouse-tourisme.com\/es\/#website","url":"https:\/\/www.toulouse-tourisme.com\/es\/","name":"Toulouse Tourisme","description":"","publisher":{"@id":"https:\/\/www.toulouse-tourisme.com\/es\/#organization"},"potentialAction":[{"@type":"SearchAction","target":{"@type":"EntryPoint","urlTemplate":"https:\/\/www.toulouse-tourisme.com\/es\/?s={search_term_string}"},"query-input":{"@type":"PropertyValueSpecification","valueRequired":true,"valueName":"search_term_string"}}],"inLanguage":"es"},{"@type":"Organization","@id":"https:\/\/www.toulouse-tourisme.com\/es\/#organization","name":"Toulouse Tourisme","url":"https:\/\/www.toulouse-tourisme.com\/es\/","logo":{"@type":"ImageObject","inLanguage":"es","@id":"https:\/\/www.toulouse-tourisme.com\/es\/#\/schema\/logo\/image\/","url":"https:\/\/www.toulouse-tourisme.com\/assets\/uploads\/sites\/3\/2023\/10\/toulouse.svg","contentUrl":"https:\/\/www.toulouse-tourisme.com\/assets\/uploads\/sites\/3\/2023\/10\/toulouse.svg","width":220,"height":61,"caption":"Toulouse Tourisme"},"image":{"@id":"https:\/\/www.toulouse-tourisme.com\/es\/#\/schema\/logo\/image\/"},"sameAs":["https:\/\/www.facebook.com\/Toulouse.tourisme\/","https:\/\/www.instagram.com\/visiteztoulouse\/","https:\/\/www.youtube.com\/@VisitezToulouse","https:\/\/fr.pinterest.com\/visiteztoulouse\/"]}]}},"_links":{"self":[{"href":"https:\/\/www.toulouse-tourisme.com\/es\/wp-json\/wp\/v2\/pages\/12436","targetHints":{"allow":["GET"]}}],"collection":[{"href":"https:\/\/www.toulouse-tourisme.com\/es\/wp-json\/wp\/v2\/pages"}],"about":[{"href":"https:\/\/www.toulouse-tourisme.com\/es\/wp-json\/wp\/v2\/types\/page"}],"author":[{"embeddable":true,"href":"https:\/\/www.toulouse-tourisme.com\/es\/wp-json\/wp\/v2\/users\/3"}],"replies":[{"embeddable":true,"href":"https:\/\/www.toulouse-tourisme.com\/es\/wp-json\/wp\/v2\/comments?post=12436"}],"version-history":[{"count":0,"href":"https:\/\/www.toulouse-tourisme.com\/es\/wp-json\/wp\/v2\/pages\/12436\/revisions"}],"up":[{"embeddable":true,"href":"https:\/\/www.toulouse-tourisme.com\/es\/wp-json\/wp\/v2\/pages\/12656"}],"wp:featuredmedia":[{"embeddable":true,"href":"https:\/\/www.toulouse-tourisme.com\/es\/wp-json\/wp\/v2\/media\/7297"}],"wp:attachment":[{"href":"https:\/\/www.toulouse-tourisme.com\/es\/wp-json\/wp\/v2\/media?parent=12436"}],"curies":[{"name":"wp","href":"https:\/\/api.w.org\/{rel}","templated":true}]}}