{"id":208733,"date":"2026-04-25T09:22:32","date_gmt":"2026-04-25T07:22:32","guid":{"rendered":"https:\/\/www.toulouse-tourisme.com\/fmamid031v50slsu-es"},"modified":"2026-04-26T04:02:12","modified_gmt":"2026-04-26T02:02:12","slug":"nuit-des-musees-a-la-chapelle-des-carmelites","status":"publish","type":"agenda","link":"https:\/\/www.toulouse-tourisme.com\/es\/agenda\/nuit-des-musees-a-la-chapelle-des-carmelites\/","title":{"rendered":"NUIT DES MUS\u00c9ES A LA CHAPELLE DES CARMELITES"},"author":2,"template":"","class_list":["post-208733","agenda","type-agenda","status-publish","hentry"],"acf":[],"yoast_head":"<!-- This site is optimized with the Yoast SEO plugin v27.1.1 - https:\/\/yoast.com\/product\/yoast-seo-wordpress\/ -->\n<title>NUIT DES MUS\u00c9ES A LA CHAPELLE DES CARMELITES - CHAPELLE DES CARMELITES - Animaciones - Toulouse Tourisme<\/title>\n<meta name=\"description\" content=\"Un lugar poco conocido, pero esta capilla es una aut\u00e9ntica pepita de oro. Mire hacia arriba para admirar sus magn\u00edficos techos, inspirados en la Capilla Sixtina y pintados a finales del siglo XVII por Jean-Pierre Rivals, el pintor m\u00e1s productivo de la \u00e9poca. Su obra fue completada por su sucesor Jean-Baptiste Despax. Haga una parada y aproveche las visitas flash a partir de las 21:00 o los concursos familiares. Disfrute de su velada en Toulouse. Para conocer todos los detalles del programa, visite la p\u00e1gina web de los Monumentos de Toulouse. Tambi\u00e9n puede consultar el programa de los dem\u00e1s museos participantes en la p\u00e1gina web oficial de la Noche Europea de los Museos.\" \/>\n<meta name=\"robots\" content=\"index, follow, max-snippet:-1, max-image-preview:large, max-video-preview:-1\" \/>\n<link rel=\"canonical\" href=\"https:\/\/www.toulouse-tourisme.com\/es\/agenda\/nuit-des-musees-a-la-chapelle-des-carmelites\/\" \/>\n<meta property=\"og:locale\" content=\"es_ES\" \/>\n<meta property=\"og:type\" content=\"article\" \/>\n<meta property=\"og:title\" content=\"NUIT DES MUS\u00c9ES A LA CHAPELLE DES CARMELITES - CHAPELLE DES CARMELITES - Animaciones - Toulouse Tourisme\" \/>\n<meta property=\"og:description\" content=\"Un lugar poco conocido, pero esta capilla es una aut\u00e9ntica pepita de oro. Mire hacia arriba para admirar sus magn\u00edficos techos, inspirados en la Capilla Sixtina y pintados a finales del siglo XVII por Jean-Pierre Rivals, el pintor m\u00e1s productivo de la \u00e9poca. Su obra fue completada por su sucesor Jean-Baptiste Despax. Haga una parada y aproveche las visitas flash a partir de las 21:00 o los concursos familiares. Disfrute de su velada en Toulouse. Para conocer todos los detalles del programa, visite la p\u00e1gina web de los Monumentos de Toulouse. Tambi\u00e9n puede consultar el programa de los dem\u00e1s museos participantes en la p\u00e1gina web oficial de la Noche Europea de los Museos.\" \/>\n<meta property=\"og:url\" content=\"https:\/\/www.toulouse-tourisme.com\/es\/agenda\/nuit-des-musees-a-la-chapelle-des-carmelites\/\" \/>\n<meta property=\"og:site_name\" content=\"Toulouse Tourisme\" \/>\n<meta property=\"article:publisher\" content=\"https:\/\/www.facebook.com\/Toulouse.tourisme\/\" \/>\n<meta property=\"article:modified_time\" content=\"2026-04-26T02:02:12+00:00\" \/>\n<meta name=\"twitter:card\" content=\"summary_large_image\" \/>\n<script type=\"application\/ld+json\" class=\"yoast-schema-graph\">{\"@context\":\"https:\/\/schema.org\",\"@graph\":[{\"@type\":[\"WebPage\",\"ItemPage\"],\"@id\":\"https:\/\/www.toulouse-tourisme.com\/es\/agenda\/nuit-des-musees-a-la-chapelle-des-carmelites\/\",\"url\":\"https:\/\/www.toulouse-tourisme.com\/es\/agenda\/nuit-des-musees-a-la-chapelle-des-carmelites\/\",\"name\":\"NUIT DES MUS\u00c9ES A LA CHAPELLE DES CARMELITES - CHAPELLE DES CARMELITES - Animaciones - Toulouse Tourisme\",\"isPartOf\":{\"@id\":\"https:\/\/www.toulouse-tourisme.com\/es\/#website\"},\"datePublished\":\"2026-04-25T07:22:32+00:00\",\"dateModified\":\"2026-04-26T02:02:12+00:00\",\"breadcrumb\":{\"@id\":\"https:\/\/www.toulouse-tourisme.com\/es\/agenda\/nuit-des-musees-a-la-chapelle-des-carmelites\/#breadcrumb\"},\"inLanguage\":\"es\",\"potentialAction\":[{\"@type\":\"ReadAction\",\"target\":[\"https:\/\/www.toulouse-tourisme.com\/es\/agenda\/nuit-des-musees-a-la-chapelle-des-carmelites\/\"]}]},{\"@type\":\"BreadcrumbList\",\"@id\":\"https:\/\/www.toulouse-tourisme.com\/es\/agenda\/nuit-des-musees-a-la-chapelle-des-carmelites\/#breadcrumb\",\"itemListElement\":[{\"@type\":\"ListItem\",\"position\":1,\"name\":\"Inicio\",\"item\":\"https:\/\/www.toulouse-tourisme.com\/es\/\"},{\"@type\":\"ListItem\",\"position\":2,\"name\":\"Agenda\",\"item\":\"https:\/\/www.toulouse-tourisme.com\/sortir-a-toulouse\/agenda-sorties-toulouse\/\"},{\"@type\":\"ListItem\",\"position\":3,\"name\":\"NUIT DES MUS\u00c9ES A LA CHAPELLE DES CARMELITES\"}]},{\"@type\":\"WebSite\",\"@id\":\"https:\/\/www.toulouse-tourisme.com\/es\/#website\",\"url\":\"https:\/\/www.toulouse-tourisme.com\/es\/\",\"name\":\"Toulouse Tourisme\",\"description\":\"\",\"publisher\":{\"@id\":\"https:\/\/www.toulouse-tourisme.com\/es\/#organization\"},\"potentialAction\":[{\"@type\":\"SearchAction\",\"target\":{\"@type\":\"EntryPoint\",\"urlTemplate\":\"https:\/\/www.toulouse-tourisme.com\/es\/?s={search_term_string}\"},\"query-input\":{\"@type\":\"PropertyValueSpecification\",\"valueRequired\":true,\"valueName\":\"search_term_string\"}}],\"inLanguage\":\"es\"},{\"@type\":\"Organization\",\"@id\":\"https:\/\/www.toulouse-tourisme.com\/es\/#organization\",\"name\":\"Toulouse Tourisme\",\"url\":\"https:\/\/www.toulouse-tourisme.com\/es\/\",\"logo\":{\"@type\":\"ImageObject\",\"inLanguage\":\"es\",\"@id\":\"https:\/\/www.toulouse-tourisme.com\/es\/#\/schema\/logo\/image\/\",\"url\":\"https:\/\/www.toulouse-tourisme.com\/assets\/uploads\/sites\/3\/2023\/10\/toulouse.svg\",\"contentUrl\":\"https:\/\/www.toulouse-tourisme.com\/assets\/uploads\/sites\/3\/2023\/10\/toulouse.svg\",\"width\":220,\"height\":61,\"caption\":\"Toulouse Tourisme\"},\"image\":{\"@id\":\"https:\/\/www.toulouse-tourisme.com\/es\/#\/schema\/logo\/image\/\"},\"sameAs\":[\"https:\/\/www.facebook.com\/Toulouse.tourisme\/\",\"https:\/\/www.instagram.com\/visiteztoulouse\/\",\"https:\/\/www.youtube.com\/@VisitezToulouse\",\"https:\/\/fr.pinterest.com\/visiteztoulouse\/\"]}]}<\/script>\n<!-- \/ Yoast SEO plugin. -->","yoast_head_json":{"title":"NUIT DES MUS\u00c9ES A LA CHAPELLE DES CARMELITES - CHAPELLE DES CARMELITES - Animaciones - Toulouse Tourisme","description":"Un lugar poco conocido, pero esta capilla es una aut\u00e9ntica pepita de oro. Mire hacia arriba para admirar sus magn\u00edficos techos, inspirados en la Capilla Sixtina y pintados a finales del siglo XVII por Jean-Pierre Rivals, el pintor m\u00e1s productivo de la \u00e9poca. Su obra fue completada por su sucesor Jean-Baptiste Despax. Haga una parada y aproveche las visitas flash a partir de las 21:00 o los concursos familiares. Disfrute de su velada en Toulouse. Para conocer todos los detalles del programa, visite la p\u00e1gina web de los Monumentos de Toulouse. Tambi\u00e9n puede consultar el programa de los dem\u00e1s museos participantes en la p\u00e1gina web oficial de la Noche Europea de los Museos.","robots":{"index":"index","follow":"follow","max-snippet":"max-snippet:-1","max-image-preview":"max-image-preview:large","max-video-preview":"max-video-preview:-1"},"canonical":"https:\/\/www.toulouse-tourisme.com\/es\/agenda\/nuit-des-musees-a-la-chapelle-des-carmelites\/","og_locale":"es_ES","og_type":"article","og_title":"NUIT DES MUS\u00c9ES A LA CHAPELLE DES CARMELITES - CHAPELLE DES CARMELITES - Animaciones - Toulouse Tourisme","og_description":"Un lugar poco conocido, pero esta capilla es una aut\u00e9ntica pepita de oro. Mire hacia arriba para admirar sus magn\u00edficos techos, inspirados en la Capilla Sixtina y pintados a finales del siglo XVII por Jean-Pierre Rivals, el pintor m\u00e1s productivo de la \u00e9poca. Su obra fue completada por su sucesor Jean-Baptiste Despax. Haga una parada y aproveche las visitas flash a partir de las 21:00 o los concursos familiares. Disfrute de su velada en Toulouse. Para conocer todos los detalles del programa, visite la p\u00e1gina web de los Monumentos de Toulouse. Tambi\u00e9n puede consultar el programa de los dem\u00e1s museos participantes en la p\u00e1gina web oficial de la Noche Europea de los Museos.","og_url":"https:\/\/www.toulouse-tourisme.com\/es\/agenda\/nuit-des-musees-a-la-chapelle-des-carmelites\/","og_site_name":"Toulouse Tourisme","article_publisher":"https:\/\/www.facebook.com\/Toulouse.tourisme\/","article_modified_time":"2026-04-26T02:02:12+00:00","twitter_card":"summary_large_image","schema":{"@context":"https:\/\/schema.org","@graph":[{"@type":["WebPage","ItemPage"],"@id":"https:\/\/www.toulouse-tourisme.com\/es\/agenda\/nuit-des-musees-a-la-chapelle-des-carmelites\/","url":"https:\/\/www.toulouse-tourisme.com\/es\/agenda\/nuit-des-musees-a-la-chapelle-des-carmelites\/","name":"NUIT DES MUS\u00c9ES A LA CHAPELLE DES CARMELITES - CHAPELLE DES CARMELITES - Animaciones - Toulouse Tourisme","isPartOf":{"@id":"https:\/\/www.toulouse-tourisme.com\/es\/#website"},"datePublished":"2026-04-25T07:22:32+00:00","dateModified":"2026-04-26T02:02:12+00:00","breadcrumb":{"@id":"https:\/\/www.toulouse-tourisme.com\/es\/agenda\/nuit-des-musees-a-la-chapelle-des-carmelites\/#breadcrumb"},"inLanguage":"es","potentialAction":[{"@type":"ReadAction","target":["https:\/\/www.toulouse-tourisme.com\/es\/agenda\/nuit-des-musees-a-la-chapelle-des-carmelites\/"]}]},{"@type":"BreadcrumbList","@id":"https:\/\/www.toulouse-tourisme.com\/es\/agenda\/nuit-des-musees-a-la-chapelle-des-carmelites\/#breadcrumb","itemListElement":[{"@type":"ListItem","position":1,"name":"Inicio","item":"https:\/\/www.toulouse-tourisme.com\/es\/"},{"@type":"ListItem","position":2,"name":"Agenda","item":"https:\/\/www.toulouse-tourisme.com\/sortir-a-toulouse\/agenda-sorties-toulouse\/"},{"@type":"ListItem","position":3,"name":"NUIT DES MUS\u00c9ES A LA CHAPELLE DES CARMELITES"}]},{"@type":"WebSite","@id":"https:\/\/www.toulouse-tourisme.com\/es\/#website","url":"https:\/\/www.toulouse-tourisme.com\/es\/","name":"Toulouse Tourisme","description":"","publisher":{"@id":"https:\/\/www.toulouse-tourisme.com\/es\/#organization"},"potentialAction":[{"@type":"SearchAction","target":{"@type":"EntryPoint","urlTemplate":"https:\/\/www.toulouse-tourisme.com\/es\/?s={search_term_string}"},"query-input":{"@type":"PropertyValueSpecification","valueRequired":true,"valueName":"search_term_string"}}],"inLanguage":"es"},{"@type":"Organization","@id":"https:\/\/www.toulouse-tourisme.com\/es\/#organization","name":"Toulouse Tourisme","url":"https:\/\/www.toulouse-tourisme.com\/es\/","logo":{"@type":"ImageObject","inLanguage":"es","@id":"https:\/\/www.toulouse-tourisme.com\/es\/#\/schema\/logo\/image\/","url":"https:\/\/www.toulouse-tourisme.com\/assets\/uploads\/sites\/3\/2023\/10\/toulouse.svg","contentUrl":"https:\/\/www.toulouse-tourisme.com\/assets\/uploads\/sites\/3\/2023\/10\/toulouse.svg","width":220,"height":61,"caption":"Toulouse Tourisme"},"image":{"@id":"https:\/\/www.toulouse-tourisme.com\/es\/#\/schema\/logo\/image\/"},"sameAs":["https:\/\/www.facebook.com\/Toulouse.tourisme\/","https:\/\/www.instagram.com\/visiteztoulouse\/","https:\/\/www.youtube.com\/@VisitezToulouse","https:\/\/fr.pinterest.com\/visiteztoulouse\/"]}]}},"_links":{"self":[{"href":"https:\/\/www.toulouse-tourisme.com\/es\/wp-json\/wp\/v2\/agenda\/208733","targetHints":{"allow":["GET"]}}],"collection":[{"href":"https:\/\/www.toulouse-tourisme.com\/es\/wp-json\/wp\/v2\/agenda"}],"about":[{"href":"https:\/\/www.toulouse-tourisme.com\/es\/wp-json\/wp\/v2\/types\/agenda"}],"author":[{"embeddable":true,"href":"https:\/\/www.toulouse-tourisme.com\/es\/wp-json\/wp\/v2\/users\/2"}],"wp:attachment":[{"href":"https:\/\/www.toulouse-tourisme.com\/es\/wp-json\/wp\/v2\/media?parent=208733"}],"curies":[{"name":"wp","href":"https:\/\/api.w.org\/{rel}","templated":true}]}}